{"id":4615,"date":"2022-04-04T16:28:20","date_gmt":"2022-04-04T14:28:20","guid":{"rendered":"https:\/\/www.vaga-camp.com\/produkt\/camp-niederen-tatra\/"},"modified":"2023-02-27T03:25:45","modified_gmt":"2023-02-27T02:25:45","slug":"camp-niederen-tatra","status":"publish","type":"product","link":"https:\/\/www.vaga-camp.com\/de\/produkt\/camp-niederen-tatra\/","title":{"rendered":"Camp in der Niederen Tatra <br>  26.05.2023-28.05.2023"},"content":{"rendered":"\t\t<div data-elementor-type=\"wp-post\" data-elementor-id=\"4615\" class=\"elementor elementor-4615 elementor-2001\" data-elementor-post-type=\"product\">\n\t\t\t\t\t\t<section class=\"elementor-section elementor-top-section elementor-element elementor-element-1f1a4ade elementor-section-boxed elementor-section-height-default elementor-section-height-default\" data-id=\"1f1a4ade\" data-element_type=\"section\" data-e-type=\"section\">\n\t\t\t\t\t\t<div class=\"elementor-container elementor-column-gap-default\">\n\t\t\t\t\t<div class=\"elementor-column elementor-col-100 elementor-top-column elementor-element elementor-element-62942da2\" data-id=\"62942da2\" data-element_type=\"column\" data-e-type=\"column\" data-settings=\"{&quot;background_background&quot;:&quot;classic&quot;}\">\n\t\t\t<div class=\"elementor-widget-wrap elementor-element-populated\">\n\t\t\t\t\t\t<div class=\"elementor-element elementor-element-7701dfec elementor-widget elementor-widget-text-editor\" data-id=\"7701dfec\" data-element_type=\"widget\" data-e-type=\"widget\" data-widget_type=\"text-editor.default\">\n\t\t\t\t<div class=\"elementor-widget-container\">\n\t\t\t\t\t\t\t\t\t<p>Drei Tage in der wilden Natur der Slowakei mit Lauf- und Krafttrainings, Stretching, Wandern, und leckerem gesundem Essen!<\/p>\n\t\t\t\t\t\t\t\t<\/div>\n\t\t\t\t<\/div>\n\t\t\t\t<section class=\"elementor-section elementor-inner-section elementor-element elementor-element-58825e8e elementor-section-boxed elementor-section-height-default elementor-section-height-default\" data-id=\"58825e8e\" data-element_type=\"section\" data-e-type=\"section\">\n\t\t\t\t\t\t<div class=\"elementor-container elementor-column-gap-default\">\n\t\t\t\t\t<div class=\"elementor-column elementor-col-100 elementor-inner-column elementor-element elementor-element-11a8c0af\" data-id=\"11a8c0af\" data-element_type=\"column\" data-e-type=\"column\">\n\t\t\t<div class=\"elementor-widget-wrap elementor-element-populated\">\n\t\t\t\t\t\t<div class=\"elementor-element elementor-element-4151e2c elementor-widget elementor-widget-text-editor\" data-id=\"4151e2c\" data-element_type=\"widget\" data-e-type=\"widget\" data-widget_type=\"text-editor.default\">\n\t\t\t\t<div class=\"elementor-widget-container\">\n\t\t\t\t\t\t\t\t\t<ul>\n \t<li>2x Unterkunft im bezaubernden Berggasthaus Liptovsk\u00fd Mlyn unter den Gipfeln der Niederen Tatra, der ausgedehntesten slowakische Nationalpark mit unber\u00fchrten W\u00e4ldern und malerischen T\u00e4lern<\/li>\n \t<li>2x Halbpension (inklusive 2x 3-Gang-\u00dcberraschungsabendessen mit Prosecco)<\/li>\n \t<li>5 Stunden Lauft- und Krafttrainings<\/li>\n \t<li>Wandern in der einzigartigen Nationalpark Niedere Tatra im Herzen Europas<\/li>\n \t<li>Laufdiagnostik- und Technik<\/li>\n \t<li>Entdeckung der Kraft der K\u00e4lte<\/li>\n \t<li>Beckenbodentraining, Core Training, Atem\u00fcbungen<\/li>\n \t<li>\u00dcberraschungspaket<\/li>\n \t<li>Nur kleine Frauengruppen<\/li>\n \t<li>Auch f\u00fcr Alleinreisende<\/li>\n<\/ul>\t\t\t\t\t\t\t\t<\/div>\n\t\t\t\t<\/div>\n\t\t\t\t\t<\/div>\n\t\t<\/div>\n\t\t\t\t\t<\/div>\n\t\t<\/section>\n\t\t\t\t\t<\/div>\n\t\t<\/div>\n\t\t\t\t\t<\/div>\n\t\t<\/section>\n\t\t\t\t<section class=\"elementor-section elementor-top-section elementor-element elementor-element-110d1593 elementor-section-boxed elementor-section-height-default elementor-section-height-default\" data-id=\"110d1593\" data-element_type=\"section\" data-e-type=\"section\">\n\t\t\t\t\t\t<div class=\"elementor-container elementor-column-gap-default\">\n\t\t\t\t\t<div class=\"elementor-column elementor-col-100 elementor-top-column elementor-element elementor-element-275bc067\" data-id=\"275bc067\" data-element_type=\"column\" data-e-type=\"column\">\n\t\t\t<div class=\"elementor-widget-wrap elementor-element-populated\">\n\t\t\t\t\t\t<section class=\"elementor-section elementor-inner-section elementor-element elementor-element-7a08b0de elementor-section-boxed elementor-section-height-default elementor-section-height-default\" data-id=\"7a08b0de\" data-element_type=\"section\" data-e-type=\"section\">\n\t\t\t\t\t\t<div class=\"elementor-container elementor-column-gap-default\">\n\t\t\t\t\t<div class=\"elementor-column elementor-col-50 elementor-inner-column elementor-element elementor-element-bca9258\" data-id=\"bca9258\" data-element_type=\"column\" data-e-type=\"column\">\n\t\t\t<div class=\"elementor-widget-wrap elementor-element-populated\">\n\t\t\t\t\t\t<div class=\"elementor-element elementor-element-19232663 elementor-widget elementor-widget-heading\" data-id=\"19232663\" data-element_type=\"widget\" data-e-type=\"widget\" data-widget_type=\"heading.default\">\n\t\t\t\t<div class=\"elementor-widget-container\">\n\t\t\t\t\t<h3 class=\"elementor-heading-title elementor-size-default\">Hiking &amp; running camp<\/h3>\t\t\t\t<\/div>\n\t\t\t\t<\/div>\n\t\t\t\t<div class=\"elementor-element elementor-element-156ef08f elementor-widget elementor-widget-text-editor\" data-id=\"156ef08f\" data-element_type=\"widget\" data-e-type=\"widget\" data-widget_type=\"text-editor.default\">\n\t\t\t\t<div class=\"elementor-widget-container\">\n\t\t\t\t\t\t\t\t\t<p>Vor einigen Jahren haben wir zu ersten Mal den malerischen Region Liptov besucht. Es war damals f\u00fcr uns eine Gleichung mit vielen Unbekannten. In einer Woche sind wir mehr als 100 km gewandert.<\/p><p>Wir haben <strong>aufregende und wilde Natur und die Sch\u00f6nheit tiefer T\u00e4ler entdeckt, die von majest\u00e4tischen Berggipfeln mit kristallklaren Bergstr\u00f6men und B\u00e4chen bewacht worden sind. Und es war perfekt! <\/strong><\/p><p>Wir haben Poludnica entdeckt.<\/p><p>Der Gipfel in der Niedere Tatra, dessen wilde Sch\u00f6nheit atemberaubend ist. \u00a0\u00a0\u00a0<\/p><p>Der Name \u201ePoludnica\u201c oder \u201eMittagsfrau\u201c ist verbunden mit der Legende \u00fcber die Mittagsfrau. Diese erscheint an hei\u00dfen Tagen zur Mittagszeit, besonders zur Ernte, und verwirrt den Menschen den Verstand.<\/p><p>Die Einheimischen haben gemerkt, dass die Sonne direkt \u00fcber den Gipfel immer in der Mittagszeit stand. Und haben diesen deswegen Poludnica genannt. \u00a0\u00a0<\/p><p>1.548 m hohe Poludnica ist zwischen den malerischen T\u00e4len <strong>I\u013eanovsk\u00e1 dolina vom Westen und J\u00e1nska dolina vom Osten lokalisiert. Der Tal J\u00e1nska dolina ist ein der \u00e4ltesten Naturschutzgebieten in der Slowakei und ein der l\u00e4ngsten T\u00e4lern in der Nationalpark Niedere Tatra. <\/strong>Seine gr\u00f6\u00dfte Attraktion sind zahlreiche Karsterscheinungen mit mehreren H\u00f6hlen und Mineralwasserquellen. Hier entspringt Bystr\u00e1. Dieser spielerischer Fluss flie\u00dft in den wilden Bel\u00e1. Hier kann du der beste Rafting in der Slowakei erleben. \u00a0\u00a0<\/p><p>Ein ber\u00fchmter slowakischer Schriftsteller sagt, <strong>die sch\u00f6nsten Bergen sind diese, die wir nicht erobert haben<\/strong>. Ist es wirklich so?<\/p><p><strong>Oft k\u00f6nnen wir die Sch\u00f6nheit nicht benennen. Wir sp\u00fcren sie. <\/strong><\/p><p>In der wilden und unantastbaren Wald.<\/p><p>In dem Chaos der krummen Baumwurzeln.<\/p><p>Aber auch in der Symmetrie der Pflanzen.<\/p><p>\u201ePoludnica\u201c oder \u201edie Mittagsfrau\u201c erschien als eine wundersch\u00f6ne junge Frau.<\/p><p>Poludnica, der Gipfel und das Symbol der Region Liptov, ist <strong>eine Sch\u00f6nheit in der Unvollkommenheit<\/strong>.<\/p><p>Er hat nicht die H\u00f6he und Majest\u00e4t des Gerlachs, der gr\u00f6\u00dften slowakischen Gipfel.<\/p><p>Er hat auch nicht die Imposanz der Gipfel Kriv\u00e1\u0148, Ban\u00edkov, oder Ve\u013ek\u00fd Rozsutec. \u00a0<\/p><p>Aber von hier, von Poludnica k\u00f6nnen Sie die umgebende Sch\u00f6nheit bewundern. Und das macht ihn besonders.<\/p><p><strong>Gerade hier werden wir nach der inneren Kraft und Sch\u00f6nheit suchen!<\/strong><\/p><p><strong>Entfesseln Sie Ihre Energie, st\u00e4rken Sie ihren K\u00f6rper<\/strong>!<\/p><p>Spa\u00df zu haben und die eigenen Grenzen aus zu testen stehen im Vordergrund.<\/p><p>Lernen Sie, was es hei\u00dft bis an die eigenen Grenzen zu gehen und wie gut es sich anf\u00fchlt, wenn man trotz Ersch\u00f6pfung das erste Mal bis zum Ende durchgehalten hat und den inneren Schweinehund besiegt hat!<\/p><p><strong>Erleben Sie die Anziehungskraft der wilden slowakischen Natur!<\/strong><\/p><p><strong>Genie\u00dfen Sie ein aktives Wochenende im Herzen Europas, in der Slowakei! Mit uns!<\/strong><\/p>\t\t\t\t\t\t\t\t<\/div>\n\t\t\t\t<\/div>\n\t\t\t\t\t<\/div>\n\t\t<\/div>\n\t\t\t\t<div class=\"elementor-column elementor-col-50 elementor-inner-column elementor-element elementor-element-41f1502d\" data-id=\"41f1502d\" data-element_type=\"column\" data-e-type=\"column\">\n\t\t\t<div class=\"elementor-widget-wrap elementor-element-populated\">\n\t\t\t\t\t\t<div class=\"elementor-element elementor-element-1d52129 elementor-widget elementor-widget-heading\" data-id=\"1d52129\" data-element_type=\"widget\" data-e-type=\"widget\" data-widget_type=\"heading.default\">\n\t\t\t\t<div class=\"elementor-widget-container\">\n\t\t\t\t\t<h3 class=\"elementor-heading-title elementor-size-default\">Was erwartet Sie?<\/h3>\t\t\t\t<\/div>\n\t\t\t\t<\/div>\n\t\t\t\t<div class=\"elementor-element elementor-element-65683499 elementor-widget elementor-widget-text-editor\" data-id=\"65683499\" data-element_type=\"widget\" data-e-type=\"widget\" data-widget_type=\"text-editor.default\">\n\t\t\t\t<div class=\"elementor-widget-container\">\n\t\t\t\t\t\t\t\t\t<ul>\n \t<li>Unterkunft im bezaubernden Berggasthaus Liptovsk\u00fd Mlyn unter den Gipfeln der Niederen Tatra, der ausgedehntesten slowakische Nationalpark mit unber\u00fchrten W\u00e4ldern und malerischen T\u00e4lern<\/li>\n \t<li>Halbpension (inklusive 2x 3-Gang-\u00dcberraschungsabendessen mit Prosecco)<\/li>\n \t<li>3x Lauftrainings f\u00fcr Anf\u00e4ngerinnen mit Atem\u00fcbungen, Vorbereitungen, dynamischer Stretching, Lauf-ABC<\/li>\n \t<li>3x Krafttraining f\u00fcr Anf\u00e4ngerinnen mit Beckenbodentraining und Core Training<\/li>\n \t<li>Laufdiagnostik- und Technik<\/li>\n \t<li>Wandern in den einzigartigen Nationalpark Nieder Tatra<\/li>\n \t<li>Diskussionen \u00fcber die Frauengesundheit und Ern\u00e4hrung<\/li>\n \t<li>Inspirierende und motivierende Atmosph\u00e4re<\/li>\n \t<li>\u00dcberraschungspaket<\/li>\n \t<li>nur kleine Frauengruppen<\/li>\n \t<li style=\"list-style-type: none;\"><\/li>\n<\/ul>\t\t\t\t\t\t\t\t<\/div>\n\t\t\t\t<\/div>\n\t\t\t\t<div class=\"elementor-element elementor-element-23085a61 elementor-widget elementor-widget-heading\" data-id=\"23085a61\" data-element_type=\"widget\" data-e-type=\"widget\" data-widget_type=\"heading.default\">\n\t\t\t\t<div class=\"elementor-widget-container\">\n\t\t\t\t\t<h3 class=\"elementor-heading-title elementor-size-default\">Programm <\/h3>\t\t\t\t<\/div>\n\t\t\t\t<\/div>\n\t\t\t\t<div class=\"elementor-element elementor-element-e33a8ff elementor-widget elementor-widget-text-editor\" data-id=\"e33a8ff\" data-element_type=\"widget\" data-e-type=\"widget\" data-widget_type=\"text-editor.default\">\n\t\t\t\t<div class=\"elementor-widget-container\">\n\t\t\t\t\t\t\t\t\t<b>1. Tag<\/b>\n<ul>\n \t<li>14:00: Ankunft, Check-in Berggasthaus Liptovsk\u00fd Mlyn<\/li>\n \t<li>14:15: Abendlauf- und Krafttraining, Laufen auf den zauberhaften Bergwiesen beim Sonnenuntergang mit dem Blick auf die benachbarten Bergen<\/li>\n \t<li>17:30: \u00dcberraschungsabendessen aus den lokalen Produkten mit Prosecco<\/li>\n<\/ul>\n<b>2. Tag<\/b>\n<ul>\n \t<li>07:00: Morgenlauf- und Krafttraining beim Sonnenaufgang<\/li>\n \t<li>08:00: Reichhaltiges Fr\u00fchst\u00fcck aus den lokalen Produkten<\/li>\n \t<li>9:00: Wandern in der hinrei\u00dfenden Nationalpark Niedere Tatra<\/li>\n \t<li>17:30: \u00dcberraschungsabendessen aus den lokalen Produkten mit Prosecco<\/li>\n \t<li>19:00: Abendrelaxation- und Meditation<\/li>\n<\/ul>\n<b>3. Tag<\/b>\n<ul>\n \t<li>07:00: Intensiver Morgenlauf- und Krafttraining beim Sonnenaufgang<\/li>\n \t<li>08:30: Reichhaltiges Fr\u00fchst\u00fcck aus den lokalen Produkten<\/li>\n \t<li>10:00: Check-out und\u00a0Abfahrt<\/li>\n<\/ul>\t\t\t\t\t\t\t\t<\/div>\n\t\t\t\t<\/div>\n\t\t\t\t<div class=\"elementor-element elementor-element-698840 elementor-widget elementor-widget-heading\" data-id=\"698840\" data-element_type=\"widget\" data-e-type=\"widget\" data-widget_type=\"heading.default\">\n\t\t\t\t<div class=\"elementor-widget-container\">\n\t\t\t\t\t<h2 class=\"elementor-heading-title elementor-size-default\">Datum <\/h2>\t\t\t\t<\/div>\n\t\t\t\t<\/div>\n\t\t\t\t<div class=\"elementor-element elementor-element-7b45da81 elementor-widget elementor-widget-heading\" data-id=\"7b45da81\" data-element_type=\"widget\" data-e-type=\"widget\" data-widget_type=\"heading.default\">\n\t\t\t\t<div class=\"elementor-widget-container\">\n\t\t\t\t\t<h3 class=\"elementor-heading-title elementor-size-default\">26.05.2023 - 28.05.2023\u200b<\/h3>\t\t\t\t<\/div>\n\t\t\t\t<\/div>\n\t\t\t\t\t<\/div>\n\t\t<\/div>\n\t\t\t\t\t<\/div>\n\t\t<\/section>\n\t\t\t\t<section class=\"elementor-section elementor-inner-section elementor-element elementor-element-77c54f15 elementor-section-boxed elementor-section-height-default elementor-section-height-default\" data-id=\"77c54f15\" data-element_type=\"section\" data-e-type=\"section\" data-settings=\"{&quot;background_background&quot;:&quot;classic&quot;}\">\n\t\t\t\t\t\t<div class=\"elementor-container elementor-column-gap-default\">\n\t\t\t\t\t<div class=\"elementor-column elementor-col-100 elementor-inner-column elementor-element elementor-element-19ce83c3\" data-id=\"19ce83c3\" data-element_type=\"column\" data-e-type=\"column\">\n\t\t\t<div class=\"elementor-widget-wrap elementor-element-populated\">\n\t\t\t\t\t\t<div class=\"elementor-element elementor-element-6f35c6e7 elementor-widget elementor-widget-heading\" data-id=\"6f35c6e7\" data-element_type=\"widget\" data-e-type=\"widget\" data-widget_type=\"heading.default\">\n\t\t\t\t<div class=\"elementor-widget-container\">\n\t\t\t\t\t<p class=\"elementor-heading-title elementor-size-default\">(\u00dcbernachtung im Doppelzimmer, bei der Einzelnutzung ein Zuschlag in der H\u00f6he von 80,00 \u20ac)<\/p>\t\t\t\t<\/div>\n\t\t\t\t<\/div>\n\t\t\t\t\t<\/div>\n\t\t<\/div>\n\t\t\t\t\t<\/div>\n\t\t<\/section>\n\t\t\t\t<section class=\"elementor-section elementor-inner-section elementor-element elementor-element-5aa713c3 elementor-section-boxed elementor-section-height-default elementor-section-height-default\" data-id=\"5aa713c3\" data-element_type=\"section\" data-e-type=\"section\">\n\t\t\t\t\t\t<div class=\"elementor-container elementor-column-gap-default\">\n\t\t\t\t\t<div class=\"elementor-column elementor-col-50 elementor-inner-column elementor-element elementor-element-17d01bae\" data-id=\"17d01bae\" data-element_type=\"column\" data-e-type=\"column\">\n\t\t\t<div class=\"elementor-widget-wrap elementor-element-populated\">\n\t\t\t\t\t\t<div class=\"elementor-element elementor-element-1c05c42a elementor-widget elementor-widget-heading\" data-id=\"1c05c42a\" data-element_type=\"widget\" data-e-type=\"widget\" data-widget_type=\"heading.default\">\n\t\t\t\t<div class=\"elementor-widget-container\">\n\t\t\t\t\t<h3 class=\"elementor-heading-title elementor-size-default\">Der Preis beinhaltet:<\/h3>\t\t\t\t<\/div>\n\t\t\t\t<\/div>\n\t\t\t\t<div class=\"elementor-element elementor-element-7bb8d298 elementor-widget elementor-widget-text-editor\" data-id=\"7bb8d298\" data-element_type=\"widget\" data-e-type=\"widget\" data-widget_type=\"text-editor.default\">\n\t\t\t\t<div class=\"elementor-widget-container\">\n\t\t\t\t\t\t\t\t\t<ul>\n \t<li>2x \u00dcbernachtung im Doppelzimmer inkl. Lokalsteuer<\/li>\n \t<li>2x reichhaltige Halbpension<\/li>\n \t<li>3x Lauftrainings f\u00fcr Anf\u00e4ngerinnen mit Atem\u00fcbungen, Vorbereitungen, dynamischer Stretching, Lauf-ABC mit den zertifizierten Trainerinnen<\/li>\n \t<li>3x Krafttraining f\u00fcr Anf\u00e4ngerinnen mit Beckenbodentraining und Core Training den zertifizierten Trainerinnen<\/li>\n \t<li>1x Stretching, Relaxation und Meditation<\/li>\n \t<li>1x Entdeckung der Kraft der K\u00e4lte<\/li>\n \t<li>1x ganzt\u00e4giges Wandern in der Nationalpark Niedere Tatra mit den zertifizierten Trainerinnen und Begleiterinnen<\/li>\n \t<li>1x Laufdiagnostik- und Technik<\/li>\n \t<li>Lokales Transfer auf die Aktivit\u00e4ten<\/li>\n<\/ul>\t\t\t\t\t\t\t\t<\/div>\n\t\t\t\t<\/div>\n\t\t\t\t\t<\/div>\n\t\t<\/div>\n\t\t\t\t<div class=\"elementor-column elementor-col-50 elementor-inner-column elementor-element elementor-element-544e3660\" data-id=\"544e3660\" data-element_type=\"column\" data-e-type=\"column\">\n\t\t\t<div class=\"elementor-widget-wrap elementor-element-populated\">\n\t\t\t\t\t\t<div class=\"elementor-element elementor-element-311c72d0 elementor-widget elementor-widget-heading\" data-id=\"311c72d0\" data-element_type=\"widget\" data-e-type=\"widget\" data-widget_type=\"heading.default\">\n\t\t\t\t<div class=\"elementor-widget-container\">\n\t\t\t\t\t<h3 class=\"elementor-heading-title elementor-size-default\">Nicht im Preis enthalten:<\/h3>\t\t\t\t<\/div>\n\t\t\t\t<\/div>\n\t\t\t\t<div class=\"elementor-element elementor-element-12682b0a elementor-widget elementor-widget-text-editor\" data-id=\"12682b0a\" data-element_type=\"widget\" data-e-type=\"widget\" data-widget_type=\"text-editor.default\">\n\t\t\t\t<div class=\"elementor-widget-container\">\n\t\t\t\t\t\t\t\t\t<ul>\n<li><span style=\"font-weight: 400;\">Reisekosten<\/span><\/li>\n<li>Reiseversicherung<\/li>\n<\/ul>\n\t\t\t\t\t\t\t\t<\/div>\n\t\t\t\t<\/div>\n\t\t\t\t<div class=\"elementor-element elementor-element-26563f1a elementor-widget elementor-widget-heading\" data-id=\"26563f1a\" data-element_type=\"widget\" data-e-type=\"widget\" data-widget_type=\"heading.default\">\n\t\t\t\t<div class=\"elementor-widget-container\">\n\t\t\t\t\t<h3 class=\"elementor-heading-title elementor-size-default\">Mehr Details<\/h3>\t\t\t\t<\/div>\n\t\t\t\t<\/div>\n\t\t\t\t<div class=\"elementor-element elementor-element-389a8650 elementor-widget elementor-widget-text-editor\" data-id=\"389a8650\" data-element_type=\"widget\" data-e-type=\"widget\" data-widget_type=\"text-editor.default\">\n\t\t\t\t<div class=\"elementor-widget-container\">\n\t\t\t\t\t\t\t\t\t<ul>\n<li><span style=\"color: #333333;\"><b>Kleine Frauengruppen (max. 12 Personen)<\/b><\/span><\/li>\n<li><strong>Der Platz ist nach der vollst\u00e4ndigen Zahlung garantiert.<\/strong><\/li>\n<li><strong>Die Programm\u00e4nderungen sind vorbehalten.<\/strong><\/li>\n<\/ul>\n\t\t\t\t\t\t\t\t<\/div>\n\t\t\t\t<\/div>\n\t\t\t\t\t<\/div>\n\t\t<\/div>\n\t\t\t\t\t<\/div>\n\t\t<\/section>\n\t\t\t\t\t<\/div>\n\t\t<\/div>\n\t\t\t\t\t<\/div>\n\t\t<\/section>\n\t\t\t\t<section class=\"elementor-section elementor-top-section elementor-element elementor-element-6dd50a8 elementor-section-boxed elementor-section-height-default elementor-section-height-default\" data-id=\"6dd50a8\" data-element_type=\"section\" data-e-type=\"section\">\n\t\t\t\t\t\t<div class=\"elementor-container elementor-column-gap-default\">\n\t\t\t\t\t<div class=\"elementor-column elementor-col-100 elementor-top-column elementor-element elementor-element-72027de\" data-id=\"72027de\" data-element_type=\"column\" data-e-type=\"column\">\n\t\t\t<div class=\"elementor-widget-wrap elementor-element-populated\">\n\t\t\t\t\t\t<section class=\"elementor-section elementor-inner-section elementor-element elementor-element-e945cde elementor-section-boxed elementor-section-height-default elementor-section-height-default\" data-id=\"e945cde\" data-element_type=\"section\" data-e-type=\"section\">\n\t\t\t\t\t\t<div class=\"elementor-container elementor-column-gap-default\">\n\t\t\t\t\t<div class=\"elementor-column elementor-col-50 elementor-inner-column elementor-element elementor-element-777bafd\" data-id=\"777bafd\" data-element_type=\"column\" data-e-type=\"column\">\n\t\t\t<div class=\"elementor-widget-wrap elementor-element-populated\">\n\t\t\t\t\t\t<div class=\"elementor-element elementor-element-9780f21 elementor-widget elementor-widget-heading\" data-id=\"9780f21\" data-element_type=\"widget\" data-e-type=\"widget\" data-widget_type=\"heading.default\">\n\t\t\t\t<div class=\"elementor-widget-container\">\n\t\t\t\t\t<h3 class=\"elementor-heading-title elementor-size-default\">Lage<\/h3>\t\t\t\t<\/div>\n\t\t\t\t<\/div>\n\t\t\t\t<div class=\"elementor-element elementor-element-d16dda6 elementor-widget elementor-widget-text-editor\" data-id=\"d16dda6\" data-element_type=\"widget\" data-e-type=\"widget\" data-widget_type=\"text-editor.default\">\n\t\t\t\t<div class=\"elementor-widget-container\">\n\t\t\t\t\t\t\t\t\t<p>Die Region Liptov, deutsch Liptau, befindet sich im Norden der Slowakei und ber\u00fchrt mit ihrem nord\u00f6stlichen Rand die Grenze zur Polnischen Republik. Sie hat eine der malerischsten Landschaftsszenerien in der ganzen Slowakei.<\/p><p>Dank der Einmaligkeit der Landschaftssch\u00f6nheiten und dem Reichtum an kulturhistorischen Denkm\u00e4lern geh\u00f6rt die Region Liptau zu den attraktivsten Gebieten der Slowakei. Der \u00fcberwiegende Teil ihres Gebietes ist bergig und reich an W\u00e4ldern und Natursch\u00f6nheiten.<\/p><p>Hier werden Sie sich wie in einem Paradies f\u00fchlen!<\/p>\t\t\t\t\t\t\t\t<\/div>\n\t\t\t\t<\/div>\n\t\t\t\t<div class=\"elementor-element elementor-element-4214540 elementor-widget elementor-widget-heading\" data-id=\"4214540\" data-element_type=\"widget\" data-e-type=\"widget\" data-widget_type=\"heading.default\">\n\t\t\t\t<div class=\"elementor-widget-container\">\n\t\t\t\t\t<h3 class=\"elementor-heading-title elementor-size-default\">So wohnen Sie<\/h3>\t\t\t\t<\/div>\n\t\t\t\t<\/div>\n\t\t\t\t<div class=\"elementor-element elementor-element-821fd42 elementor-widget elementor-widget-text-editor\" data-id=\"821fd42\" data-element_type=\"widget\" data-e-type=\"widget\" data-widget_type=\"text-editor.default\">\n\t\t\t\t<div class=\"elementor-widget-container\">\n\t\t\t\t\t\t\t\t\t<p>Doppelzimmer des bezaubernden Berggasthauses Liptovsk\u00fd Mlyn gebaut im Massivholz und Stein mit Bad (Dusche) mit den Badet\u00fcchern in einem Provence-Stil, Sat.-TV, WIFI, K\u00fcchenecke mit K\u00fchlschrank, F\u00f6hn, Telefon. Weinkeller f\u00fcr Weinverkostung.<\/p><p>Weitere Informationen finden Sie auf der Website.<\/p>\t\t\t\t\t\t\t\t<\/div>\n\t\t\t\t<\/div>\n\t\t\t\t<div class=\"elementor-element elementor-element-23aa15c elementor-align-center elementor-mobile-align-center elementor-widget elementor-widget-button\" data-id=\"23aa15c\" data-element_type=\"widget\" data-e-type=\"widget\" data-widget_type=\"button.default\">\n\t\t\t\t<div class=\"elementor-widget-container\">\n\t\t\t\t\t\t\t\t\t<div class=\"elementor-button-wrapper\">\n\t\t\t\t\t<a class=\"elementor-button elementor-button-link elementor-size-md\" href=\"https:\/\/www.sileo.sk\/en\/accommodation\/\">\n\t\t\t\t\t\t<span class=\"elementor-button-content-wrapper\">\n\t\t\t\t\t\t\t\t\t<span class=\"elementor-button-text\">Besuchen Sie die Website<\/span>\n\t\t\t\t\t<\/span>\n\t\t\t\t\t<\/a>\n\t\t\t\t<\/div>\n\t\t\t\t\t\t\t\t<\/div>\n\t\t\t\t<\/div>\n\t\t\t\t\t<\/div>\n\t\t<\/div>\n\t\t\t\t<div class=\"elementor-column elementor-col-50 elementor-inner-column elementor-element elementor-element-8512b84\" data-id=\"8512b84\" data-element_type=\"column\" data-e-type=\"column\">\n\t\t\t<div class=\"elementor-widget-wrap elementor-element-populated\">\n\t\t\t\t\t\t<div class=\"elementor-element elementor-element-668e498 elementor-widget elementor-widget-heading\" data-id=\"668e498\" data-element_type=\"widget\" data-e-type=\"widget\" data-widget_type=\"heading.default\">\n\t\t\t\t<div class=\"elementor-widget-container\">\n\t\t\t\t\t<h3 class=\"elementor-heading-title elementor-size-default\">Anreise<\/h3>\t\t\t\t<\/div>\n\t\t\t\t<\/div>\n\t\t\t\t<div class=\"elementor-element elementor-element-aa32509 elementor-widget elementor-widget-heading\" data-id=\"aa32509\" data-element_type=\"widget\" data-e-type=\"widget\" data-widget_type=\"heading.default\">\n\t\t\t\t<div class=\"elementor-widget-container\">\n\t\t\t\t\t<h4 class=\"elementor-heading-title elementor-size-default\">Mit Flug<\/h4>\t\t\t\t<\/div>\n\t\t\t\t<\/div>\n\t\t\t\t<div class=\"elementor-element elementor-element-79564b6 elementor-widget elementor-widget-text-editor\" data-id=\"79564b6\" data-element_type=\"widget\" data-e-type=\"widget\" data-widget_type=\"text-editor.default\">\n\t\t\t\t<div class=\"elementor-widget-container\">\n\t\t\t\t\t\t\t\t\t<p>Sie k\u00f6nnen mit einem Flug auf folgende Flugh\u00e4fen anreisen:<\/p><p>Flughafen Wien (320 km)<br \/>Flughafen Bratislava (260 km)<br \/>Flughafen Budapest (250 km)<br \/>Flughafen Poprad (60 km)<br \/>Flughafen Katowice (220 km)<br \/>Flughafen Krakau (170 km)<\/p><p>Fl\u00fcge Europa- und Deutschlandweit<br \/>Hier k\u00f6nnen Sie ein Auto leihen.<br \/>F\u00fcr gr\u00f6\u00dfere Gruppen ab 8 Personen kann ein Transfer organisiert werden (telefonisch buchbar). <\/p>\t\t\t\t\t\t\t\t<\/div>\n\t\t\t\t<\/div>\n\t\t\t\t<div class=\"elementor-element elementor-element-93e0ca8 elementor-widget elementor-widget-heading\" data-id=\"93e0ca8\" data-element_type=\"widget\" data-e-type=\"widget\" data-widget_type=\"heading.default\">\n\t\t\t\t<div class=\"elementor-widget-container\">\n\t\t\t\t\t<h4 class=\"elementor-heading-title elementor-size-default\">Mit dem Auto<\/h4>\t\t\t\t<\/div>\n\t\t\t\t<\/div>\n\t\t\t\t<div class=\"elementor-element elementor-element-cf38044 elementor-widget elementor-widget-text-editor\" data-id=\"cf38044\" data-element_type=\"widget\" data-e-type=\"widget\" data-widget_type=\"text-editor.default\">\n\t\t\t\t<div class=\"elementor-widget-container\">\n\t\t\t\t\t\t\t\t\t<p>Sie k\u00f6nnen auch sehr bequem mit einem Wagen anreisen, die Slowakei verf\u00fcgt \u00fcber das gute Netzwerk der Autobahnen. Vor Ort steht Ihnen ein Parkplatz kostenlos zur Verf\u00fcgung.<\/p>\t\t\t\t\t\t\t\t<\/div>\n\t\t\t\t<\/div>\n\t\t\t\t<div class=\"elementor-element elementor-element-e2304d7 elementor-widget elementor-widget-heading\" data-id=\"e2304d7\" data-element_type=\"widget\" data-e-type=\"widget\" data-widget_type=\"heading.default\">\n\t\t\t\t<div class=\"elementor-widget-container\">\n\t\t\t\t\t<h4 class=\"elementor-heading-title elementor-size-default\">Mit der Bahn<\/h4>\t\t\t\t<\/div>\n\t\t\t\t<\/div>\n\t\t\t\t<div class=\"elementor-element elementor-element-e913e98 elementor-widget elementor-widget-text-editor\" data-id=\"e913e98\" data-element_type=\"widget\" data-e-type=\"widget\" data-widget_type=\"text-editor.default\">\n\t\t\t\t<div class=\"elementor-widget-container\">\n\t\t\t\t\t\t\t\t\t<p>Auch die Anreise mit der Bahn ist m\u00f6glich, die Slowakei hat eine sehr gute Bahnverbindung. Sie fahren bis hin Ru\u017eomberok oder Liptovsk\u00fd Mikul\u00e1\u0161, wo Sie abgeholt werden k\u00f6nnen (gegen Geb\u00fchr).<\/p>\t\t\t\t\t\t\t\t<\/div>\n\t\t\t\t<\/div>\n\t\t\t\t\t<\/div>\n\t\t<\/div>\n\t\t\t\t\t<\/div>\n\t\t<\/section>\n\t\t\t\t\t<\/div>\n\t\t<\/div>\n\t\t\t\t\t<\/div>\n\t\t<\/section>\n\t\t\t\t<section class=\"elementor-section elementor-top-section elementor-element elementor-element-52aa876d elementor-section-boxed elementor-section-height-default elementor-section-height-default\" data-id=\"52aa876d\" data-element_type=\"section\" data-e-type=\"section\">\n\t\t\t\t\t\t<div class=\"elementor-container elementor-column-gap-default\">\n\t\t\t\t\t<div class=\"elementor-column elementor-col-100 elementor-top-column elementor-element elementor-element-48742ea6\" data-id=\"48742ea6\" data-element_type=\"column\" data-e-type=\"column\">\n\t\t\t<div class=\"elementor-widget-wrap elementor-element-populated\">\n\t\t\t\t\t\t<div class=\"elementor-element elementor-element-619ae2a9 elementor-align-center elementor-mobile-align-center elementor-widget elementor-widget-button\" data-id=\"619ae2a9\" data-element_type=\"widget\" data-e-type=\"widget\" data-widget_type=\"button.default\">\n\t\t\t\t<div class=\"elementor-widget-container\">\n\t\t\t\t\t\t\t\t\t<div class=\"elementor-button-wrapper\">\n\t\t\t\t\t<a class=\"elementor-button elementor-button-link elementor-size-md\" href=\"https:\/\/www.vaga-camp.com\/obchod\/\">\n\t\t\t\t\t\t<span class=\"elementor-button-content-wrapper\">\n\t\t\t\t\t\t\t\t\t<span class=\"elementor-button-text\">Mehr Lager<\/span>\n\t\t\t\t\t<\/span>\n\t\t\t\t\t<\/a>\n\t\t\t\t<\/div>\n\t\t\t\t\t\t\t\t<\/div>\n\t\t\t\t<\/div>\n\t\t\t\t\t<\/div>\n\t\t<\/div>\n\t\t\t\t\t<\/div>\n\t\t<\/section>\n\t\t\t\t<\/div>\n\t\t","protected":false},"excerpt":{"rendered":"<p>Drei Tage in der wilden Natur der Slowakei mit Lauf- und Krafttrainings, Stretching, Wandern, und leckerem gesundem Essen! 2x Unterkunft im bezaubernden Berggasthaus Liptovsk\u00fd Mlyn unter den Gipfeln der Niederen Tatra, der ausgedehntesten slowakische Nationalpark mit unber\u00fchrten W\u00e4ldern und malerischen T\u00e4lern 2x Halbpension (inklusive 2x 3-Gang-\u00dcberraschungsabendessen mit Prosecco) 5 Stunden Lauft- und Krafttrainings Wandern in [&hellip;]<\/p>\n","protected":false},"featured_media":3385,"template":"","meta":{"_monsterinsights_skip_tracking":false,"_monsterinsights_sitenote_active":false,"_monsterinsights_sitenote_note":"","_monsterinsights_sitenote_category":0},"product_brand":[],"product_cat":[115],"product_tag":[],"class_list":{"0":"post-4615","1":"product","2":"type-product","3":"status-publish","4":"has-post-thumbnail","6":"product_cat-camp-de","8":"first","9":"instock","10":"featured","11":"virtual","12":"taxable","13":"purchasable","14":"product-type-simple"},"yoast_head":"<!-- This site is optimized with the Yoast SEO plugin v27.5 - https:\/\/yoast.com\/product\/yoast-seo-wordpress\/ -->\n<title>Camp in der Niederen Tatra  26.05.2023-28.05.2023 - VaGa Camp<\/title>\n<meta name=\"robots\" content=\"index, follow, max-snippet:-1, max-image-preview:large, max-video-preview:-1\" \/>\n<link rel=\"canonical\" href=\"https:\/\/www.vaga-camp.com\/de\/produkt\/camp-niederen-tatra\/\" \/>\n<meta property=\"og:locale\" content=\"de_DE\" \/>\n<meta property=\"og:type\" content=\"article\" \/>\n<meta property=\"og:title\" content=\"Camp in der Niederen Tatra  26.05.2023-28.05.2023 - VaGa Camp\" \/>\n<meta property=\"og:description\" content=\"Drei Tage in der wilden Natur der Slowakei mit Lauf- und Krafttrainings, Stretching, Wandern, und leckerem gesundem Essen! 2x Unterkunft im bezaubernden Berggasthaus Liptovsk\u00fd Mlyn unter den Gipfeln der Niederen Tatra, der ausgedehntesten slowakische Nationalpark mit unber\u00fchrten W\u00e4ldern und malerischen T\u00e4lern 2x Halbpension (inklusive 2x 3-Gang-\u00dcberraschungsabendessen mit Prosecco) 5 Stunden Lauft- und Krafttrainings Wandern in [&hellip;]\" \/>\n<meta property=\"og:url\" content=\"https:\/\/www.vaga-camp.com\/de\/produkt\/camp-niederen-tatra\/\" \/>\n<meta property=\"og:site_name\" content=\"VaGa Camp\" \/>\n<meta property=\"article:modified_time\" content=\"2023-02-27T02:25:45+00:00\" \/>\n<meta property=\"og:image\" content=\"https:\/\/www.vaga-camp.com\/wp-content\/uploads\/running-stipec-v1.jpg\" \/>\n\t<meta property=\"og:image:width\" content=\"1200\" \/>\n\t<meta property=\"og:image:height\" content=\"800\" \/>\n\t<meta property=\"og:image:type\" content=\"image\/jpeg\" \/>\n<meta name=\"twitter:card\" content=\"summary_large_image\" \/>\n<meta name=\"twitter:label1\" content=\"Gesch\u00e4tzte Lesezeit\" \/>\n\t<meta name=\"twitter:data1\" content=\"6\u00a0Minuten\" \/>\n<script type=\"application\/ld+json\" class=\"yoast-schema-graph\">{\"@context\":\"https:\\\/\\\/schema.org\",\"@graph\":[{\"@type\":\"WebPage\",\"@id\":\"https:\\\/\\\/www.vaga-camp.com\\\/de\\\/produkt\\\/camp-niederen-tatra\\\/\",\"url\":\"https:\\\/\\\/www.vaga-camp.com\\\/de\\\/produkt\\\/camp-niederen-tatra\\\/\",\"name\":\"Camp in der Niederen Tatra 26.05.2023-28.05.2023 - VaGa Camp\",\"isPartOf\":{\"@id\":\"https:\\\/\\\/www.vaga-camp.com\\\/de\\\/#website\"},\"primaryImageOfPage\":{\"@id\":\"https:\\\/\\\/www.vaga-camp.com\\\/de\\\/produkt\\\/camp-niederen-tatra\\\/#primaryimage\"},\"image\":{\"@id\":\"https:\\\/\\\/www.vaga-camp.com\\\/de\\\/produkt\\\/camp-niederen-tatra\\\/#primaryimage\"},\"thumbnailUrl\":\"https:\\\/\\\/www.vaga-camp.com\\\/wp-content\\\/uploads\\\/running-stipec-v1.jpg\",\"datePublished\":\"2022-04-04T14:28:20+00:00\",\"dateModified\":\"2023-02-27T02:25:45+00:00\",\"breadcrumb\":{\"@id\":\"https:\\\/\\\/www.vaga-camp.com\\\/de\\\/produkt\\\/camp-niederen-tatra\\\/#breadcrumb\"},\"inLanguage\":\"de\",\"potentialAction\":[{\"@type\":\"ReadAction\",\"target\":[\"https:\\\/\\\/www.vaga-camp.com\\\/de\\\/produkt\\\/camp-niederen-tatra\\\/\"]}]},{\"@type\":\"ImageObject\",\"inLanguage\":\"de\",\"@id\":\"https:\\\/\\\/www.vaga-camp.com\\\/de\\\/produkt\\\/camp-niederen-tatra\\\/#primaryimage\",\"url\":\"https:\\\/\\\/www.vaga-camp.com\\\/wp-content\\\/uploads\\\/running-stipec-v1.jpg\",\"contentUrl\":\"https:\\\/\\\/www.vaga-camp.com\\\/wp-content\\\/uploads\\\/running-stipec-v1.jpg\",\"width\":1200,\"height\":800,\"caption\":\"Running &amp; hiking camp\"},{\"@type\":\"BreadcrumbList\",\"@id\":\"https:\\\/\\\/www.vaga-camp.com\\\/de\\\/produkt\\\/camp-niederen-tatra\\\/#breadcrumb\",\"itemListElement\":[{\"@type\":\"ListItem\",\"position\":1,\"name\":\"Domovsk\u00e1 str\u00e1nka\",\"item\":\"https:\\\/\\\/www.vaga-camp.com\\\/de\\\/\"},{\"@type\":\"ListItem\",\"position\":2,\"name\":\"Shop\",\"item\":\"https:\\\/\\\/www.vaga-camp.com\\\/de\\\/shop\\\/\"},{\"@type\":\"ListItem\",\"position\":3,\"name\":\"Camp in der Niederen Tatra 26.05.2023-28.05.2023\"}]},{\"@type\":\"WebSite\",\"@id\":\"https:\\\/\\\/www.vaga-camp.com\\\/de\\\/#website\",\"url\":\"https:\\\/\\\/www.vaga-camp.com\\\/de\\\/\",\"name\":\"VaGa Camp\",\"description\":\"Sta\u0148 sa extr\u00e9mne v\u00fdnimo\u010dnou \u017eenou na v\u00fdnimo\u010dnom mieste\",\"publisher\":{\"@id\":\"https:\\\/\\\/www.vaga-camp.com\\\/de\\\/#organization\"},\"potentialAction\":[{\"@type\":\"SearchAction\",\"target\":{\"@type\":\"EntryPoint\",\"urlTemplate\":\"https:\\\/\\\/www.vaga-camp.com\\\/de\\\/?s={search_term_string}\"},\"query-input\":{\"@type\":\"PropertyValueSpecification\",\"valueRequired\":true,\"valueName\":\"search_term_string\"}}],\"inLanguage\":\"de\"},{\"@type\":\"Organization\",\"@id\":\"https:\\\/\\\/www.vaga-camp.com\\\/de\\\/#organization\",\"name\":\"VaGa Agency\",\"url\":\"https:\\\/\\\/www.vaga-camp.com\\\/de\\\/\",\"logo\":{\"@type\":\"ImageObject\",\"inLanguage\":\"de\",\"@id\":\"https:\\\/\\\/www.vaga-camp.com\\\/de\\\/#\\\/schema\\\/logo\\\/image\\\/\",\"url\":\"https:\\\/\\\/www.vaga-camp.com\\\/wp-content\\\/uploads\\\/VaGa-Camp-1.png\",\"contentUrl\":\"https:\\\/\\\/www.vaga-camp.com\\\/wp-content\\\/uploads\\\/VaGa-Camp-1.png\",\"width\":500,\"height\":500,\"caption\":\"VaGa Agency\"},\"image\":{\"@id\":\"https:\\\/\\\/www.vaga-camp.com\\\/de\\\/#\\\/schema\\\/logo\\\/image\\\/\"}}]}<\/script>\n<!-- \/ Yoast SEO plugin. -->","yoast_head_json":{"title":"Camp in der Niederen Tatra  26.05.2023-28.05.2023 - VaGa Camp","robots":{"index":"index","follow":"follow","max-snippet":"max-snippet:-1","max-image-preview":"max-image-preview:large","max-video-preview":"max-video-preview:-1"},"canonical":"https:\/\/www.vaga-camp.com\/de\/produkt\/camp-niederen-tatra\/","og_locale":"de_DE","og_type":"article","og_title":"Camp in der Niederen Tatra  26.05.2023-28.05.2023 - VaGa Camp","og_description":"Drei Tage in der wilden Natur der Slowakei mit Lauf- und Krafttrainings, Stretching, Wandern, und leckerem gesundem Essen! 2x Unterkunft im bezaubernden Berggasthaus Liptovsk\u00fd Mlyn unter den Gipfeln der Niederen Tatra, der ausgedehntesten slowakische Nationalpark mit unber\u00fchrten W\u00e4ldern und malerischen T\u00e4lern 2x Halbpension (inklusive 2x 3-Gang-\u00dcberraschungsabendessen mit Prosecco) 5 Stunden Lauft- und Krafttrainings Wandern in [&hellip;]","og_url":"https:\/\/www.vaga-camp.com\/de\/produkt\/camp-niederen-tatra\/","og_site_name":"VaGa Camp","article_modified_time":"2023-02-27T02:25:45+00:00","og_image":[{"width":1200,"height":800,"url":"https:\/\/www.vaga-camp.com\/wp-content\/uploads\/running-stipec-v1.jpg","type":"image\/jpeg"}],"twitter_card":"summary_large_image","twitter_misc":{"Gesch\u00e4tzte Lesezeit":"6\u00a0Minuten"},"schema":{"@context":"https:\/\/schema.org","@graph":[{"@type":"WebPage","@id":"https:\/\/www.vaga-camp.com\/de\/produkt\/camp-niederen-tatra\/","url":"https:\/\/www.vaga-camp.com\/de\/produkt\/camp-niederen-tatra\/","name":"Camp in der Niederen Tatra 26.05.2023-28.05.2023 - VaGa Camp","isPartOf":{"@id":"https:\/\/www.vaga-camp.com\/de\/#website"},"primaryImageOfPage":{"@id":"https:\/\/www.vaga-camp.com\/de\/produkt\/camp-niederen-tatra\/#primaryimage"},"image":{"@id":"https:\/\/www.vaga-camp.com\/de\/produkt\/camp-niederen-tatra\/#primaryimage"},"thumbnailUrl":"https:\/\/www.vaga-camp.com\/wp-content\/uploads\/running-stipec-v1.jpg","datePublished":"2022-04-04T14:28:20+00:00","dateModified":"2023-02-27T02:25:45+00:00","breadcrumb":{"@id":"https:\/\/www.vaga-camp.com\/de\/produkt\/camp-niederen-tatra\/#breadcrumb"},"inLanguage":"de","potentialAction":[{"@type":"ReadAction","target":["https:\/\/www.vaga-camp.com\/de\/produkt\/camp-niederen-tatra\/"]}]},{"@type":"ImageObject","inLanguage":"de","@id":"https:\/\/www.vaga-camp.com\/de\/produkt\/camp-niederen-tatra\/#primaryimage","url":"https:\/\/www.vaga-camp.com\/wp-content\/uploads\/running-stipec-v1.jpg","contentUrl":"https:\/\/www.vaga-camp.com\/wp-content\/uploads\/running-stipec-v1.jpg","width":1200,"height":800,"caption":"Running &amp; hiking camp"},{"@type":"BreadcrumbList","@id":"https:\/\/www.vaga-camp.com\/de\/produkt\/camp-niederen-tatra\/#breadcrumb","itemListElement":[{"@type":"ListItem","position":1,"name":"Domovsk\u00e1 str\u00e1nka","item":"https:\/\/www.vaga-camp.com\/de\/"},{"@type":"ListItem","position":2,"name":"Shop","item":"https:\/\/www.vaga-camp.com\/de\/shop\/"},{"@type":"ListItem","position":3,"name":"Camp in der Niederen Tatra 26.05.2023-28.05.2023"}]},{"@type":"WebSite","@id":"https:\/\/www.vaga-camp.com\/de\/#website","url":"https:\/\/www.vaga-camp.com\/de\/","name":"VaGa Camp","description":"Sta\u0148 sa extr\u00e9mne v\u00fdnimo\u010dnou \u017eenou na v\u00fdnimo\u010dnom mieste","publisher":{"@id":"https:\/\/www.vaga-camp.com\/de\/#organization"},"potentialAction":[{"@type":"SearchAction","target":{"@type":"EntryPoint","urlTemplate":"https:\/\/www.vaga-camp.com\/de\/?s={search_term_string}"},"query-input":{"@type":"PropertyValueSpecification","valueRequired":true,"valueName":"search_term_string"}}],"inLanguage":"de"},{"@type":"Organization","@id":"https:\/\/www.vaga-camp.com\/de\/#organization","name":"VaGa Agency","url":"https:\/\/www.vaga-camp.com\/de\/","logo":{"@type":"ImageObject","inLanguage":"de","@id":"https:\/\/www.vaga-camp.com\/de\/#\/schema\/logo\/image\/","url":"https:\/\/www.vaga-camp.com\/wp-content\/uploads\/VaGa-Camp-1.png","contentUrl":"https:\/\/www.vaga-camp.com\/wp-content\/uploads\/VaGa-Camp-1.png","width":500,"height":500,"caption":"VaGa Agency"},"image":{"@id":"https:\/\/www.vaga-camp.com\/de\/#\/schema\/logo\/image\/"}}]}},"_links":{"self":[{"href":"https:\/\/www.vaga-camp.com\/de\/wp-json\/wp\/v2\/product\/4615","targetHints":{"allow":["GET"]}}],"collection":[{"href":"https:\/\/www.vaga-camp.com\/de\/wp-json\/wp\/v2\/product"}],"about":[{"href":"https:\/\/www.vaga-camp.com\/de\/wp-json\/wp\/v2\/types\/product"}],"version-history":[{"count":0,"href":"https:\/\/www.vaga-camp.com\/de\/wp-json\/wp\/v2\/product\/4615\/revisions"}],"wp:featuredmedia":[{"embeddable":true,"href":"https:\/\/www.vaga-camp.com\/de\/wp-json\/wp\/v2\/media\/3385"}],"wp:attachment":[{"href":"https:\/\/www.vaga-camp.com\/de\/wp-json\/wp\/v2\/media?parent=4615"}],"wp:term":[{"taxonomy":"product_brand","embeddable":true,"href":"https:\/\/www.vaga-camp.com\/de\/wp-json\/wp\/v2\/product_brand?post=4615"},{"taxonomy":"product_cat","embeddable":true,"href":"https:\/\/www.vaga-camp.com\/de\/wp-json\/wp\/v2\/product_cat?post=4615"},{"taxonomy":"product_tag","embeddable":true,"href":"https:\/\/www.vaga-camp.com\/de\/wp-json\/wp\/v2\/product_tag?post=4615"}],"curies":[{"name":"wp","href":"https:\/\/api.w.org\/{rel}","templated":true}]}}