{"id":4758,"date":"2023-02-18T19:15:18","date_gmt":"2023-02-18T18:15:18","guid":{"rendered":"https:\/\/www.vaga-camp.com\/herbstcamp-belaer-tatra\/"},"modified":"2023-11-27T20:43:13","modified_gmt":"2023-11-27T19:43:13","slug":"herbstcamp-belaer-tatra","status":"publish","type":"page","link":"https:\/\/www.vaga-camp.com\/de\/herbstcamp-belaer-tatra\/","title":{"rendered":"Herbstcamp in der Belaer Tatra"},"content":{"rendered":"\t\t<div data-elementor-type=\"wp-page\" data-elementor-id=\"4758\" class=\"elementor elementor-4758 elementor-4040\" data-elementor-post-type=\"page\">\n\t\t\t\t\t\t<section class=\"elementor-section elementor-top-section elementor-element elementor-element-2b77179b elementor-section-boxed elementor-section-height-default elementor-section-height-default\" data-id=\"2b77179b\" data-element_type=\"section\" data-e-type=\"section\">\n\t\t\t\t\t\t<div class=\"elementor-container elementor-column-gap-default\">\n\t\t\t\t\t<div class=\"elementor-column elementor-col-100 elementor-top-column elementor-element elementor-element-7ab9e945\" data-id=\"7ab9e945\" data-element_type=\"column\" data-e-type=\"column\">\n\t\t\t<div class=\"elementor-widget-wrap elementor-element-populated\">\n\t\t\t\t\t\t<div class=\"elementor-element elementor-element-3dcfff77 elementor-widget elementor-widget-heading\" data-id=\"3dcfff77\" data-element_type=\"widget\" data-e-type=\"widget\" data-widget_type=\"heading.default\">\n\t\t\t\t<div class=\"elementor-widget-container\">\n\t\t\t\t\t<h1 class=\"elementor-heading-title elementor-size-default\">Herbstcamp in der Belaer Tatra<\/h1>\t\t\t\t<\/div>\n\t\t\t\t<\/div>\n\t\t\t\t<div class=\"elementor-element elementor-element-54370590 elementor-widget elementor-widget-heading\" data-id=\"54370590\" data-element_type=\"widget\" data-e-type=\"widget\" data-widget_type=\"heading.default\">\n\t\t\t\t<div class=\"elementor-widget-container\">\n\t\t\t\t\t<h2 class=\"elementor-heading-title elementor-size-default\">18.10.2024 - 20.10.2024<\/h2>\t\t\t\t<\/div>\n\t\t\t\t<\/div>\n\t\t\t\t\t<\/div>\n\t\t<\/div>\n\t\t\t\t\t<\/div>\n\t\t<\/section>\n\t\t\t\t<section class=\"elementor-section elementor-top-section elementor-element elementor-element-7b7e07e elementor-section-boxed elementor-section-height-default elementor-section-height-default\" data-id=\"7b7e07e\" data-element_type=\"section\" data-e-type=\"section\">\n\t\t\t\t\t\t<div class=\"elementor-container elementor-column-gap-default\">\n\t\t\t\t\t<div class=\"elementor-column elementor-col-50 elementor-top-column elementor-element elementor-element-55cc9eae\" data-id=\"55cc9eae\" data-element_type=\"column\" data-e-type=\"column\">\n\t\t\t<div class=\"elementor-widget-wrap elementor-element-populated\">\n\t\t\t\t\t\t<div class=\"elementor-element elementor-element-410eb801 elementor-widget elementor-widget-image\" data-id=\"410eb801\" data-element_type=\"widget\" data-e-type=\"widget\" data-widget_type=\"image.default\">\n\t\t\t\t<div class=\"elementor-widget-container\">\n\t\t\t\t\t\t\t\t\t\t\t\t\t\t\t<img fetchpriority=\"high\" decoding=\"async\" width=\"450\" height=\"600\" src=\"https:\/\/www.vaga-camp.com\/wp-content\/uploads\/Letny-Running-and-hiking-camp-Belianske-a-Vysoke-Tatry_1.jpg\" class=\"attachment-medium_large size-medium_large wp-image-4105\" alt=\"Kemp Belianske a Vysok\u00e9 Tatry\" srcset=\"https:\/\/www.vaga-camp.com\/wp-content\/uploads\/Letny-Running-and-hiking-camp-Belianske-a-Vysoke-Tatry_1.jpg 450w, https:\/\/www.vaga-camp.com\/wp-content\/uploads\/Letny-Running-and-hiking-camp-Belianske-a-Vysoke-Tatry_1-225x300.jpg 225w\" sizes=\"(max-width: 450px) 100vw, 450px\" \/>\t\t\t\t\t\t\t\t\t\t\t\t\t\t\t<\/div>\n\t\t\t\t<\/div>\n\t\t\t\t\t<\/div>\n\t\t<\/div>\n\t\t\t\t<div class=\"elementor-column elementor-col-50 elementor-top-column elementor-element elementor-element-9e99cb6\" data-id=\"9e99cb6\" data-element_type=\"column\" data-e-type=\"column\">\n\t\t\t<div class=\"elementor-widget-wrap elementor-element-populated\">\n\t\t\t\t\t\t<div class=\"elementor-element elementor-element-24c20904 elementor-widget elementor-widget-image\" data-id=\"24c20904\" data-element_type=\"widget\" data-e-type=\"widget\" data-widget_type=\"image.default\">\n\t\t\t\t<div class=\"elementor-widget-container\">\n\t\t\t\t\t\t\t\t\t\t\t\t\t\t\t<img decoding=\"async\" width=\"450\" height=\"600\" src=\"https:\/\/www.vaga-camp.com\/wp-content\/uploads\/Letny-Running-and-hiking-camp-Belianske-a-Vysoke-Tatry_2.jpg\" class=\"attachment-medium_large size-medium_large wp-image-4108\" alt=\"Kemp Belianske a Vysok\u00e9 Tatry\" srcset=\"https:\/\/www.vaga-camp.com\/wp-content\/uploads\/Letny-Running-and-hiking-camp-Belianske-a-Vysoke-Tatry_2.jpg 450w, https:\/\/www.vaga-camp.com\/wp-content\/uploads\/Letny-Running-and-hiking-camp-Belianske-a-Vysoke-Tatry_2-225x300.jpg 225w\" sizes=\"(max-width: 450px) 100vw, 450px\" \/>\t\t\t\t\t\t\t\t\t\t\t\t\t\t\t<\/div>\n\t\t\t\t<\/div>\n\t\t\t\t\t<\/div>\n\t\t<\/div>\n\t\t\t\t\t<\/div>\n\t\t<\/section>\n\t\t\t\t<section class=\"elementor-section elementor-top-section elementor-element elementor-element-19142641 elementor-section-boxed elementor-section-height-default elementor-section-height-default\" data-id=\"19142641\" data-element_type=\"section\" data-e-type=\"section\">\n\t\t\t\t\t\t<div class=\"elementor-container elementor-column-gap-default\">\n\t\t\t\t\t<div class=\"elementor-column elementor-col-100 elementor-top-column elementor-element elementor-element-5dfa1e38\" data-id=\"5dfa1e38\" data-element_type=\"column\" data-e-type=\"column\" data-settings=\"{&quot;background_background&quot;:&quot;classic&quot;}\">\n\t\t\t<div class=\"elementor-widget-wrap elementor-element-populated\">\n\t\t\t\t\t\t<div class=\"elementor-element elementor-element-363f6f65 elementor-widget elementor-widget-text-editor\" data-id=\"363f6f65\" data-element_type=\"widget\" data-e-type=\"widget\" data-widget_type=\"text-editor.default\">\n\t\t\t\t<div class=\"elementor-widget-container\">\n\t\t\t\t\t\t\t\t\t<p>Drei Tage in der wilden Natur der Slowakei mit Lauf- und Krafttrainings, Stretching, Wandern, und leckerem gesundem Essen!<\/p>\n\t\t\t\t\t\t\t\t<\/div>\n\t\t\t\t<\/div>\n\t\t\t\t<section class=\"elementor-section elementor-inner-section elementor-element elementor-element-797ef25a elementor-section-boxed elementor-section-height-default elementor-section-height-default\" data-id=\"797ef25a\" data-element_type=\"section\" data-e-type=\"section\">\n\t\t\t\t\t\t<div class=\"elementor-container elementor-column-gap-default\">\n\t\t\t\t\t<div class=\"elementor-column elementor-col-50 elementor-inner-column elementor-element elementor-element-b7f8831\" data-id=\"b7f8831\" data-element_type=\"column\" data-e-type=\"column\">\n\t\t\t<div class=\"elementor-widget-wrap elementor-element-populated\">\n\t\t\t\t\t\t<div class=\"elementor-element elementor-element-d7ea4cf elementor-widget elementor-widget-text-editor\" data-id=\"d7ea4cf\" data-element_type=\"widget\" data-e-type=\"widget\" data-widget_type=\"text-editor.default\">\n\t\t\t\t<div class=\"elementor-widget-container\">\n\t\t\t\t\t\t\t\t\t<ul><li>2x Unterkunft im bezaubernden und romantischen Berggasthaus Enrico unter den Gipfeln der Belaer Tatra, der mythischen Gebirge im Norden der Slowakei<\/li><li>2x Halbpension (inklusive 2x 3-Gang-\u00dcberraschungsabendessen mit Prosecco)<\/li><li>5 Stunden Lauft- und Krafttrainings<\/li><li>Wandern in der einzigartigen Nationalpark Belaer Tatra im Herzen Europas<\/li><li>Laufdiagnostik- und Technik<\/li><li>Power Yoga und Mediation<\/li><li>Beckenbodentraining, Core Training, Atem\u00fcbungen<\/li><li>\u00dcberraschungspaket<\/li><li>Nur kleine Frauengruppen<\/li><li>Auch f\u00fcr Alleinreisende<\/li><\/ul>\t\t\t\t\t\t\t\t<\/div>\n\t\t\t\t<\/div>\n\t\t\t\t\t<\/div>\n\t\t<\/div>\n\t\t\t\t<div class=\"elementor-column elementor-col-50 elementor-inner-column elementor-element elementor-element-bdd4c27\" data-id=\"bdd4c27\" data-element_type=\"column\" data-e-type=\"column\">\n\t\t\t<div class=\"elementor-widget-wrap elementor-element-populated\">\n\t\t\t\t\t\t<div class=\"elementor-element elementor-element-79a704b elementor-widget elementor-widget-heading\" data-id=\"79a704b\" data-element_type=\"widget\" data-e-type=\"widget\" data-widget_type=\"heading.default\">\n\t\t\t\t<div class=\"elementor-widget-container\">\n\t\t\t\t\t<h3 class=\"elementor-heading-title elementor-size-default\">Der Preis des Camps betr\u00e4gt 330\u20ac*<\/h3>\t\t\t\t<\/div>\n\t\t\t\t<\/div>\n\t\t\t\t<div class=\"elementor-element elementor-element-165fd04d elementor-add-to-cart--align-center elementor-widget elementor-widget-wc-add-to-cart\" data-id=\"165fd04d\" data-element_type=\"widget\" data-e-type=\"widget\" data-widget_type=\"wc-add-to-cart.default\">\n\t\t\t\t<div class=\"elementor-widget-container\">\n\t\t\t\t\t\t\t\t\t<div class=\"elementor-button-wrapper\">\n\t\t\t\t\t<a rel=\"nofollow\" href=\"\/de\/herbstcamp-belaer-tatra\/?add-to-cart=4763\" data-quantity=\"1\" data-product_id=\"4763\" class=\"product_type_simple add_to_cart_button ajax_add_to_cart elementor-button elementor-size-md\" role=\"button\" id=\"jesen_belianske_tatry\">\n\t\t\t\t\t\t<span class=\"elementor-button-content-wrapper\">\n\t\t\t\t\t\t<span class=\"elementor-button-icon\">\n\t\t\t\t<i aria-hidden=\"true\" class=\"fas fa-cart-plus\"><\/i>\t\t\t<\/span>\n\t\t\t\t\t\t\t\t\t<span class=\"elementor-button-text\">Zur Buchung<\/span>\n\t\t\t\t\t<\/span>\n\t\t\t\t\t<\/a>\n\t\t\t\t<\/div>\n\t\t\t\t\t\t\t\t<\/div>\n\t\t\t\t<\/div>\n\t\t\t\t<div class=\"elementor-element elementor-element-0e17262 elementor-widget elementor-widget-heading\" data-id=\"0e17262\" data-element_type=\"widget\" data-e-type=\"widget\" data-widget_type=\"heading.default\">\n\t\t\t\t<div class=\"elementor-widget-container\">\n\t\t\t\t\t<h4 class=\"elementor-heading-title elementor-size-default\">Wir haben noch Platz f\u00fcr: 10<\/h4>\t\t\t\t<\/div>\n\t\t\t\t<\/div>\n\t\t\t\t\t<\/div>\n\t\t<\/div>\n\t\t\t\t\t<\/div>\n\t\t<\/section>\n\t\t\t\t\t<\/div>\n\t\t<\/div>\n\t\t\t\t\t<\/div>\n\t\t<\/section>\n\t\t\t\t<section class=\"elementor-section elementor-top-section elementor-element elementor-element-7cbf07ba elementor-section-boxed elementor-section-height-default elementor-section-height-default\" data-id=\"7cbf07ba\" data-element_type=\"section\" data-e-type=\"section\">\n\t\t\t\t\t\t<div class=\"elementor-container elementor-column-gap-default\">\n\t\t\t\t\t<div class=\"elementor-column elementor-col-100 elementor-top-column elementor-element elementor-element-466c1b11\" data-id=\"466c1b11\" data-element_type=\"column\" data-e-type=\"column\">\n\t\t\t<div class=\"elementor-widget-wrap elementor-element-populated\">\n\t\t\t\t\t\t<section class=\"elementor-section elementor-inner-section elementor-element elementor-element-6597b35f elementor-section-boxed elementor-section-height-default elementor-section-height-default\" data-id=\"6597b35f\" data-element_type=\"section\" data-e-type=\"section\">\n\t\t\t\t\t\t<div class=\"elementor-container elementor-column-gap-default\">\n\t\t\t\t\t<div class=\"elementor-column elementor-col-50 elementor-inner-column elementor-element elementor-element-4ef85a73\" data-id=\"4ef85a73\" data-element_type=\"column\" data-e-type=\"column\">\n\t\t\t<div class=\"elementor-widget-wrap elementor-element-populated\">\n\t\t\t\t\t\t<div class=\"elementor-element elementor-element-2d9ae342 elementor-widget elementor-widget-heading\" data-id=\"2d9ae342\" data-element_type=\"widget\" data-e-type=\"widget\" data-widget_type=\"heading.default\">\n\t\t\t\t<div class=\"elementor-widget-container\">\n\t\t\t\t\t<h3 class=\"elementor-heading-title elementor-size-default\">Running &amp; Hiking Camp<\/h3>\t\t\t\t<\/div>\n\t\t\t\t<\/div>\n\t\t\t\t<div class=\"elementor-element elementor-element-260c016 elementor-widget elementor-widget-text-editor\" data-id=\"260c016\" data-element_type=\"widget\" data-e-type=\"widget\" data-widget_type=\"text-editor.default\">\n\t\t\t\t<div class=\"elementor-widget-container\">\n\t\t\t\t\t\t\t\t\t<p>\u201eEs ist der sch\u00f6nste Ort auf der Erde,\u201c sagte <strong>Vlasta \u0160t\u00e1flov\u00e1, die tschechische Bergsteigerin und Schriftstellerin, nach dem sie mit ihrem Mann, <\/strong>Otakar \u0160t\u00e1fl, dem weltber\u00fchmten Maler, in 1929 eine Bergh\u00fctte in der Hohen Tatra zur Pacht genommen hatten.<\/p><p>Die Hohe Tatra, ein ganz <strong>besonderes alpines Juwel der Slowakei, hat einen gr\u00fcneren und kleiner Bruder, Belaer Tatra. <\/strong><\/p><p><strong>Das Gebirge bildet ein 14 km langer Kalkkamm<\/strong>, der sich in der ost &#8211; westlichen Richtung, liegend fast senkrecht auf den Hauptkamm der Hohen Tatra erstreckt. Die Gletschert\u00e4tigkeit aus der urspr\u00fcnglichen Zeit der Vereisung der Tatra wurde die Belaer Tatra fast \u00fcberhaupt nicht ber\u00fchrt. Man findet hier nicht f\u00fcr das Nachbargebirge so charakteristische Mor\u00e4nen, Felsenschwellen, Terrassen, oder gigantische Nebenk\u00e4mme. Aufmerksamkeit aber fesselt die S<strong>ch\u00f6nheit der Kalk &#8211; und Dolomitenw\u00e4nde mit steilen Grash\u00e4ngen und bunter Vegetation<\/strong>. Das Gebirge ist ein <strong>bedeutendes Karstgebiet<\/strong>. Das Gebirge schm\u00fcckt kein Bergsee, aber trotzdem wird es als das <strong>sch\u00f6nste und von den Natursch\u00f6nheiten der reichste Teil der Tatra anerkannt<\/strong>. Die nahrhaften Kalkb\u00f6den hier im Gegenteil von der Hohen Tatra bieten eine <strong>sehr bunte Pflanzenwelt<\/strong> an. Von allen Arten sind zu erw\u00e4hnen die am meisten typische Blume \u2013 <strong>Edelwei\u00df<\/strong>.<\/p><p>Die ersten Besucher des Gebirges waren wahrscheinlich Schafhirten bereit im 14. Jahrhundert. Seit dem 17. Jahrhundert brannte man hier Holzkohle und wurden hier Kupfer und andere Erze gef\u00f6rdert.<\/p><p>Es sind zwar Tatras, aber ganze andere. <strong>Ihre Sch\u00f6nheit ist anziehend. Sie sind mythisch<\/strong>. Jeder Gipfel hier hat <strong>sein Geheimnis<\/strong>. Viele sind touristisch nicht zug\u00e4nglich. Wie k\u00f6nnen blo\u00df ahnen, was sich da oben, \u00fcber den Wolken, ereignet<\/p><p>Wir nehmen Sie dort! In diesen malerischen Region <strong>mit der lebenden goralischen Kultur, mit ausgedehnten Bergwiesen mit vielen bunten Blumen, mit den wei\u00dfen Bergen, in denen wir die Gemsen<\/strong> beobachten werden.<\/p><p>Wir werden durch einen charmanten Tal mit einem kristallklaren Wasserstrom wandern, damit wir sp\u00e4ter die atemberaubenden Ausschichten bewundern k\u00f6nnen. Wir werden die Treppe in den Himmel nehmen, so dass wir alles vergessen k\u00f6nnen. Und wir werden uns wie im Himmel f\u00fchlen.<\/p><p>Und sp\u00e4ter, beim Sonnenuntergang, werden wir daran denken, dass <strong>die Faszination von Bergen in ihrer Unbezwingbarkeit liegt<\/strong>, so wie beim Mond oder den Sternen. Wenn man ihnen nahe kommt, sieht man ihre Sch\u00f6nheit.<\/p><p><strong>Denn nur dem, der den Mut hat, den Weg zu gehen, offenbart sich der Weg und wenn die Berge rufen, wir m\u00fcssen gehen. Und wenn wir wieder herunterkommen, sind ich andere Menschen<\/strong>.<\/p><p><strong>Entfesseln Sie Ihre Energie, st\u00e4rken Sie ihren K\u00f6rper<\/strong>!<\/p><p>Spa\u00df zu haben und die eigenen Grenzen aus zu testen stehen im Vordergrund.<\/p><p>Lernen Sie, was es hei\u00dft bis an die eigenen Grenzen zu gehen und wie gut es sich anf\u00fchlt, wenn man trotz Ersch\u00f6pfung das erste Mal bis zum Ende durchgehalten hat und den inneren Schweinehund besiegt hat!<\/p><p><strong>Erleben Sie die Anziehungskraft der wilden slowakischen Natur!<\/strong><\/p><p><strong>Genie\u00dfen Sie ein aktives Wochenende im Herzen Europas, in der Slowakei! Mit uns!<\/strong><\/p>\t\t\t\t\t\t\t\t<\/div>\n\t\t\t\t<\/div>\n\t\t\t\t\t<\/div>\n\t\t<\/div>\n\t\t\t\t<div class=\"elementor-column elementor-col-50 elementor-inner-column elementor-element elementor-element-6ccae59c\" data-id=\"6ccae59c\" data-element_type=\"column\" data-e-type=\"column\">\n\t\t\t<div class=\"elementor-widget-wrap elementor-element-populated\">\n\t\t\t\t\t\t<div class=\"elementor-element elementor-element-69ab3163 elementor-widget elementor-widget-heading\" data-id=\"69ab3163\" data-element_type=\"widget\" data-e-type=\"widget\" data-widget_type=\"heading.default\">\n\t\t\t\t<div class=\"elementor-widget-container\">\n\t\t\t\t\t<h3 class=\"elementor-heading-title elementor-size-default\">Was erwartet Sie?<\/h3>\t\t\t\t<\/div>\n\t\t\t\t<\/div>\n\t\t\t\t<div class=\"elementor-element elementor-element-7dd35b52 elementor-widget elementor-widget-text-editor\" data-id=\"7dd35b52\" data-element_type=\"widget\" data-e-type=\"widget\" data-widget_type=\"text-editor.default\">\n\t\t\t\t<div class=\"elementor-widget-container\">\n\t\t\t\t\t\t\t\t\t<ul><li>Unterkunft bezaubernden und romantischen Berggasthaus Enrico unter den Gipfeln der Belaer Tatra, der mythischen Gebirge im Norden der Slowakei<\/li><li>Halbpension (inklusive 2x 2-Gang-\u00dcberraschungsabendessen mit Prosecco)<\/li><li>3x Lauftrainings f\u00fcr Anf\u00e4ngerinnen mit Atem\u00fcbungen, Vorbereitungen, dynamischer Stretching, Lauf-ABC<\/li><li>3x Krafttraining f\u00fcr Anf\u00e4ngerinnen mit Beckenbodentraining und Core Training<\/li><li>Laufdiagnostik- und Technik<\/li><li>Power Yoga und Mediation<\/li><li>Wandern in den einzigartigen Nationalpark Belaer Tatra<\/li><li>Diskussionen \u00fcber die Frauengesundheit und Ern\u00e4hrung<\/li><li>Inspirierende und motivierende Atmosph\u00e4re<\/li><li>\u00dcberraschungspaket<\/li><li>nur kleine Frauengruppen<\/li><li>auch f\u00fcr Alleinreisende<\/li><\/ul>\t\t\t\t\t\t\t\t<\/div>\n\t\t\t\t<\/div>\n\t\t\t\t<div class=\"elementor-element elementor-element-7bbc587a elementor-widget elementor-widget-heading\" data-id=\"7bbc587a\" data-element_type=\"widget\" data-e-type=\"widget\" data-widget_type=\"heading.default\">\n\t\t\t\t<div class=\"elementor-widget-container\">\n\t\t\t\t\t<h3 class=\"elementor-heading-title elementor-size-default\">Programm <\/h3>\t\t\t\t<\/div>\n\t\t\t\t<\/div>\n\t\t\t\t<div class=\"elementor-element elementor-element-4553639e elementor-widget elementor-widget-text-editor\" data-id=\"4553639e\" data-element_type=\"widget\" data-e-type=\"widget\" data-widget_type=\"text-editor.default\">\n\t\t\t\t<div class=\"elementor-widget-container\">\n\t\t\t\t\t\t\t\t\t<p><strong>1. Tag<\/strong><\/p><ul><li>14:00: Ankunft, Check-in im Berggasthaus Enrico<\/li><li>14:15: Abendlauf- und Krafttraining, Laufen auf den zauberhaften Bergwiesen beim Sonnenuntergang mit dem Blick auf die benachbarten Bergen<\/li><li>17:30: \u00dcberraschungsabendessen aus den lokalen Produkten mit Prosecco<\/li><\/ul><p><strong>2. Tag<\/strong><\/p><ul><li>07:00: Morgenlauf- und Krafttraining beim Sonnenaufgang<\/li><li>08:00: Reichhaltiges Fr\u00fchst\u00fcck aus den lokalen Produkten<\/li><li>9:00: Wandern in der hinrei\u00dfenden Nationalpark Belaer Tatra<\/li><li>17:30: \u00dcberraschungsabendessen aus den lokalen Produkten mit Prosecco<\/li><li>19:00: Power Yoga, Relaxation und Meditation<\/li><\/ul><p><strong>3. Tag<\/strong><\/p><ul><li>07:00: Intensiver Morgenlauf- und Krafttraining beim Sonnenaufgang<\/li><li>08:30: Reichhaltiges Fr\u00fchst\u00fcck aus den lokalen Produkten<\/li><li>10:00: Check-out und Abfahrt<\/li><\/ul>\t\t\t\t\t\t\t\t<\/div>\n\t\t\t\t<\/div>\n\t\t\t\t<div class=\"elementor-element elementor-element-5300a2e4 elementor-widget elementor-widget-heading\" data-id=\"5300a2e4\" data-element_type=\"widget\" data-e-type=\"widget\" data-widget_type=\"heading.default\">\n\t\t\t\t<div class=\"elementor-widget-container\">\n\t\t\t\t\t<h2 class=\"elementor-heading-title elementor-size-default\">Datum <\/h2>\t\t\t\t<\/div>\n\t\t\t\t<\/div>\n\t\t\t\t<div class=\"elementor-element elementor-element-2070fccd elementor-widget elementor-widget-heading\" data-id=\"2070fccd\" data-element_type=\"widget\" data-e-type=\"widget\" data-widget_type=\"heading.default\">\n\t\t\t\t<div class=\"elementor-widget-container\">\n\t\t\t\t\t<h3 class=\"elementor-heading-title elementor-size-default\">20.10.2023 - 22.10.2023<\/h3>\t\t\t\t<\/div>\n\t\t\t\t<\/div>\n\t\t\t\t\t<\/div>\n\t\t<\/div>\n\t\t\t\t\t<\/div>\n\t\t<\/section>\n\t\t\t\t<section class=\"elementor-section elementor-inner-section elementor-element elementor-element-305fa32f elementor-section-boxed elementor-section-height-default elementor-section-height-default\" data-id=\"305fa32f\" data-element_type=\"section\" data-e-type=\"section\" data-settings=\"{&quot;background_background&quot;:&quot;classic&quot;}\">\n\t\t\t\t\t\t<div class=\"elementor-container elementor-column-gap-default\">\n\t\t\t\t\t<div class=\"elementor-column elementor-col-50 elementor-inner-column elementor-element elementor-element-fe64927\" data-id=\"fe64927\" data-element_type=\"column\" data-e-type=\"column\">\n\t\t\t<div class=\"elementor-widget-wrap elementor-element-populated\">\n\t\t\t\t\t\t<div class=\"elementor-element elementor-element-6d4246c1 elementor-widget elementor-widget-heading\" data-id=\"6d4246c1\" data-element_type=\"widget\" data-e-type=\"widget\" data-widget_type=\"heading.default\">\n\t\t\t\t<div class=\"elementor-widget-container\">\n\t\t\t\t\t<h2 class=\"elementor-heading-title elementor-size-default\">*Preis: 330,00 \u20ac <\/h2>\t\t\t\t<\/div>\n\t\t\t\t<\/div>\n\t\t\t\t\t<\/div>\n\t\t<\/div>\n\t\t\t\t<div class=\"elementor-column elementor-col-50 elementor-inner-column elementor-element elementor-element-ac3c3b3\" data-id=\"ac3c3b3\" data-element_type=\"column\" data-e-type=\"column\">\n\t\t\t<div class=\"elementor-widget-wrap elementor-element-populated\">\n\t\t\t\t\t\t<div class=\"elementor-element elementor-element-259b68ee elementor-widget elementor-widget-heading\" data-id=\"259b68ee\" data-element_type=\"widget\" data-e-type=\"widget\" data-widget_type=\"heading.default\">\n\t\t\t\t<div class=\"elementor-widget-container\">\n\t\t\t\t\t<p class=\"elementor-heading-title elementor-size-default\">(\u00dcbernachtung im Doppelzimmer, bei der Einzelnutzung ein Zuschlag in der H\u00f6he von 90,00 \u20ac)<\/p>\t\t\t\t<\/div>\n\t\t\t\t<\/div>\n\t\t\t\t\t<\/div>\n\t\t<\/div>\n\t\t\t\t\t<\/div>\n\t\t<\/section>\n\t\t\t\t<section class=\"elementor-section elementor-inner-section elementor-element elementor-element-6ffb4850 elementor-section-boxed elementor-section-height-default elementor-section-height-default\" data-id=\"6ffb4850\" data-element_type=\"section\" data-e-type=\"section\">\n\t\t\t\t\t\t<div class=\"elementor-container elementor-column-gap-default\">\n\t\t\t\t\t<div class=\"elementor-column elementor-col-50 elementor-inner-column elementor-element elementor-element-517c4438\" data-id=\"517c4438\" data-element_type=\"column\" data-e-type=\"column\">\n\t\t\t<div class=\"elementor-widget-wrap elementor-element-populated\">\n\t\t\t\t\t\t<div class=\"elementor-element elementor-element-6906a083 elementor-widget elementor-widget-heading\" data-id=\"6906a083\" data-element_type=\"widget\" data-e-type=\"widget\" data-widget_type=\"heading.default\">\n\t\t\t\t<div class=\"elementor-widget-container\">\n\t\t\t\t\t<h3 class=\"elementor-heading-title elementor-size-default\">Der Preis beinhaltet:<\/h3>\t\t\t\t<\/div>\n\t\t\t\t<\/div>\n\t\t\t\t<div class=\"elementor-element elementor-element-6268c407 elementor-widget elementor-widget-text-editor\" data-id=\"6268c407\" data-element_type=\"widget\" data-e-type=\"widget\" data-widget_type=\"text-editor.default\">\n\t\t\t\t<div class=\"elementor-widget-container\">\n\t\t\t\t\t\t\t\t\t<ul><li>2x \u00dcbernachtung im Doppelzimmer inkl. Lokalsteuer<\/li><li>2x reichhaltige Halbpension<\/li><li>3x Lauftrainings f\u00fcr Anf\u00e4ngerinnen mit Atem\u00fcbungen, Vorbereitungen, dynamischer Stretching, Lauf-ABC mit den zertifizierten Trainerinnen<\/li><li>3x Krafttraining f\u00fcr Anf\u00e4ngerinnen mit Beckenbodentraining und Core Training den zertifizierten Trainerinnen<\/li><li>1x Stretching, Relaxation und Meditation<\/li><li>1x Power Yoga<\/li><li>1x ganzt\u00e4giges Wandern in der Nationalpark Belaer Tatra mit den zertifizierten Trainerinnen und Begleiterinnen<\/li><li>1x Laufdiagnostik- und Technik<\/li><li><span style=\"font-size: inherit; text-align: inherit; background-color: var(--palettecolor4); color: var(--color); font-family: var(--fontFamily); font-style: var(--fontStyle, inherit); font-weight: var(--fontWeight); letter-spacing: var(--letterSpacing); text-transform: var(--textTransform);\">Lokales Transfer auf die Aktivit\u00e4ten<\/span><\/li><\/ul>\t\t\t\t\t\t\t\t<\/div>\n\t\t\t\t<\/div>\n\t\t\t\t\t<\/div>\n\t\t<\/div>\n\t\t\t\t<div class=\"elementor-column elementor-col-50 elementor-inner-column elementor-element elementor-element-442be7c2\" data-id=\"442be7c2\" data-element_type=\"column\" data-e-type=\"column\">\n\t\t\t<div class=\"elementor-widget-wrap elementor-element-populated\">\n\t\t\t\t\t\t<div class=\"elementor-element elementor-element-17e79ee5 elementor-widget elementor-widget-heading\" data-id=\"17e79ee5\" data-element_type=\"widget\" data-e-type=\"widget\" data-widget_type=\"heading.default\">\n\t\t\t\t<div class=\"elementor-widget-container\">\n\t\t\t\t\t<h3 class=\"elementor-heading-title elementor-size-default\">Nicht im Preis enthalten:<\/h3>\t\t\t\t<\/div>\n\t\t\t\t<\/div>\n\t\t\t\t<div class=\"elementor-element elementor-element-1df75771 elementor-widget elementor-widget-text-editor\" data-id=\"1df75771\" data-element_type=\"widget\" data-e-type=\"widget\" data-widget_type=\"text-editor.default\">\n\t\t\t\t<div class=\"elementor-widget-container\">\n\t\t\t\t\t\t\t\t\t<ul>\n<li>Reisekosten<\/li>\n<li>Reiseversicherung<\/li>\n<\/ul>\n\t\t\t\t\t\t\t\t<\/div>\n\t\t\t\t<\/div>\n\t\t\t\t<div class=\"elementor-element elementor-element-1c865693 elementor-widget elementor-widget-heading\" data-id=\"1c865693\" data-element_type=\"widget\" data-e-type=\"widget\" data-widget_type=\"heading.default\">\n\t\t\t\t<div class=\"elementor-widget-container\">\n\t\t\t\t\t<h3 class=\"elementor-heading-title elementor-size-default\">Mehr Details<\/h3>\t\t\t\t<\/div>\n\t\t\t\t<\/div>\n\t\t\t\t<div class=\"elementor-element elementor-element-188898fe elementor-widget elementor-widget-text-editor\" data-id=\"188898fe\" data-element_type=\"widget\" data-e-type=\"widget\" data-widget_type=\"text-editor.default\">\n\t\t\t\t<div class=\"elementor-widget-container\">\n\t\t\t\t\t\t\t\t\t<ul>\n<li><span style=\"color: #333333;\"><b>Kleine Frauengruppen (max. 12 Personen)<\/b><\/span><\/li>\n<li><strong>Der Platz ist nach der vollst\u00e4ndigen Zahlung garantiert.<\/strong><\/li>\n<li><strong>Die Programm\u00e4nderungen sind vorbehalten.<\/strong><\/li>\n<\/ul>\n\t\t\t\t\t\t\t\t<\/div>\n\t\t\t\t<\/div>\n\t\t\t\t\t<\/div>\n\t\t<\/div>\n\t\t\t\t\t<\/div>\n\t\t<\/section>\n\t\t\t\t\t<\/div>\n\t\t<\/div>\n\t\t\t\t\t<\/div>\n\t\t<\/section>\n\t\t\t\t<section class=\"elementor-section elementor-top-section elementor-element elementor-element-1913a828 elementor-section-boxed elementor-section-height-default elementor-section-height-default\" data-id=\"1913a828\" data-element_type=\"section\" data-e-type=\"section\">\n\t\t\t\t\t\t<div class=\"elementor-container elementor-column-gap-default\">\n\t\t\t\t\t<div class=\"elementor-column elementor-col-50 elementor-top-column elementor-element elementor-element-41771342\" data-id=\"41771342\" data-element_type=\"column\" data-e-type=\"column\">\n\t\t\t<div class=\"elementor-widget-wrap elementor-element-populated\">\n\t\t\t\t\t\t<div class=\"elementor-element elementor-element-1cee9b86 elementor-add-to-cart--align-right elementor-add-to-cart-mobile--align-center elementor-widget elementor-widget-wc-add-to-cart\" data-id=\"1cee9b86\" data-element_type=\"widget\" data-e-type=\"widget\" data-widget_type=\"wc-add-to-cart.default\">\n\t\t\t\t<div class=\"elementor-widget-container\">\n\t\t\t\t\t\t\t\t\t<div class=\"elementor-button-wrapper\">\n\t\t\t\t\t<a rel=\"nofollow\" href=\"\/de\/herbstcamp-belaer-tatra\/?add-to-cart=4763\" data-quantity=\"1\" data-product_id=\"4763\" class=\"product_type_simple add_to_cart_button ajax_add_to_cart elementor-button elementor-size-md\" role=\"button\" id=\"jesen_belianske_tatry\">\n\t\t\t\t\t\t<span class=\"elementor-button-content-wrapper\">\n\t\t\t\t\t\t<span class=\"elementor-button-icon\">\n\t\t\t\t<i aria-hidden=\"true\" class=\"fas fa-cart-plus\"><\/i>\t\t\t<\/span>\n\t\t\t\t\t\t\t\t\t<span class=\"elementor-button-text\">Zur Buchung<\/span>\n\t\t\t\t\t<\/span>\n\t\t\t\t\t<\/a>\n\t\t\t\t<\/div>\n\t\t\t\t\t\t\t\t<\/div>\n\t\t\t\t<\/div>\n\t\t\t\t\t<\/div>\n\t\t<\/div>\n\t\t\t\t<div class=\"elementor-column elementor-col-50 elementor-top-column elementor-element elementor-element-1c253b72\" data-id=\"1c253b72\" data-element_type=\"column\" data-e-type=\"column\">\n\t\t\t<div class=\"elementor-widget-wrap elementor-element-populated\">\n\t\t\t\t\t\t<div class=\"elementor-element elementor-element-c9bc148 elementor-align-left elementor-mobile-align-center elementor-widget elementor-widget-button\" data-id=\"c9bc148\" data-element_type=\"widget\" data-e-type=\"widget\" data-widget_type=\"button.default\">\n\t\t\t\t<div class=\"elementor-widget-container\">\n\t\t\t\t\t\t\t\t\t<div class=\"elementor-button-wrapper\">\n\t\t\t\t\t<a class=\"elementor-button elementor-button-link elementor-size-md\" href=\"https:\/\/www.vaga-camp.com\/de\/vaga-camps\/\">\n\t\t\t\t\t\t<span class=\"elementor-button-content-wrapper\">\n\t\t\t\t\t\t\t\t\t<span class=\"elementor-button-text\">Mehr Camps<\/span>\n\t\t\t\t\t<\/span>\n\t\t\t\t\t<\/a>\n\t\t\t\t<\/div>\n\t\t\t\t\t\t\t\t<\/div>\n\t\t\t\t<\/div>\n\t\t\t\t\t<\/div>\n\t\t<\/div>\n\t\t\t\t\t<\/div>\n\t\t<\/section>\n\t\t\t\t<section class=\"elementor-section elementor-top-section elementor-element elementor-element-f6c4dbe elementor-section-boxed elementor-section-height-default elementor-section-height-default\" data-id=\"f6c4dbe\" data-element_type=\"section\" data-e-type=\"section\">\n\t\t\t\t\t\t<div class=\"elementor-container elementor-column-gap-default\">\n\t\t\t\t\t<div class=\"elementor-column elementor-col-100 elementor-top-column elementor-element elementor-element-cff5298\" data-id=\"cff5298\" data-element_type=\"column\" data-e-type=\"column\">\n\t\t\t<div class=\"elementor-widget-wrap elementor-element-populated\">\n\t\t\t\t\t\t<section class=\"elementor-section elementor-inner-section elementor-element elementor-element-8674837 elementor-section-boxed elementor-section-height-default elementor-section-height-default\" data-id=\"8674837\" data-element_type=\"section\" data-e-type=\"section\">\n\t\t\t\t\t\t<div class=\"elementor-container elementor-column-gap-default\">\n\t\t\t\t\t<div class=\"elementor-column elementor-col-50 elementor-inner-column elementor-element elementor-element-5604ac3\" data-id=\"5604ac3\" data-element_type=\"column\" data-e-type=\"column\">\n\t\t\t<div class=\"elementor-widget-wrap elementor-element-populated\">\n\t\t\t\t\t\t<div class=\"elementor-element elementor-element-ef83067 elementor-widget elementor-widget-heading\" data-id=\"ef83067\" data-element_type=\"widget\" data-e-type=\"widget\" data-widget_type=\"heading.default\">\n\t\t\t\t<div class=\"elementor-widget-container\">\n\t\t\t\t\t<h3 class=\"elementor-heading-title elementor-size-default\">Lage<\/h3>\t\t\t\t<\/div>\n\t\t\t\t<\/div>\n\t\t\t\t<div class=\"elementor-element elementor-element-0786db7 elementor-widget elementor-widget-text-editor\" data-id=\"0786db7\" data-element_type=\"widget\" data-e-type=\"widget\" data-widget_type=\"text-editor.default\">\n\t\t\t\t<div class=\"elementor-widget-container\">\n\t\t\t\t\t\t\t\t\t<p>Die Belear Tatra sind ein Gebirge im Norden der Slowakei. Es trug in der Vergangenheit unterschiedliche Namen. \u00c4ltere slowakische Bezeichnungen sind Belansk\u00e9 Tatry, Belansk\u00e9 vrchy, Belansk\u00e9 Alpy, Bielske Kvapnikov\u00e9 Alpy, Belansk\u00e9 v\u00e1pencov\u00e9 Alpy und \u017ddiarske Tatry. Die Zipser Deutschen nannten den H\u00f6henzug Beler Kalkalpen, Beler Tatra oder Beler Gebirge.<\/p><p>Die Belianske Tatry bestehen aus einem 14 km langen Hauptkamm und sind durch verschieden Karstformationen gekennzeichnet.<\/p><p><strong>Hier werden Sie sich wie in einem Paradies f\u00fchlen!<\/strong><\/p>\t\t\t\t\t\t\t\t<\/div>\n\t\t\t\t<\/div>\n\t\t\t\t<div class=\"elementor-element elementor-element-ae085e8 elementor-widget elementor-widget-heading\" data-id=\"ae085e8\" data-element_type=\"widget\" data-e-type=\"widget\" data-widget_type=\"heading.default\">\n\t\t\t\t<div class=\"elementor-widget-container\">\n\t\t\t\t\t<h3 class=\"elementor-heading-title elementor-size-default\">So wohnen Sie<\/h3>\t\t\t\t<\/div>\n\t\t\t\t<\/div>\n\t\t\t\t<div class=\"elementor-element elementor-element-754cc7b elementor-widget elementor-widget-text-editor\" data-id=\"754cc7b\" data-element_type=\"widget\" data-e-type=\"widget\" data-widget_type=\"text-editor.default\">\n\t\t\t\t<div class=\"elementor-widget-container\">\n\t\t\t\t\t\t\t\t\t<p>Doppelzimmer des stilvollen und romantischen Berggasthauses Enrico, mit Bad (Dusche) mit den Badet\u00fcchern, Sat.-TV, WIFI, F\u00f6hn.<\/p><p>Weitere Informationen finden Sie auf der Website.<\/p>\t\t\t\t\t\t\t\t<\/div>\n\t\t\t\t<\/div>\n\t\t\t\t<div class=\"elementor-element elementor-element-278faff elementor-align-center elementor-mobile-align-center elementor-widget elementor-widget-button\" data-id=\"278faff\" data-element_type=\"widget\" data-e-type=\"widget\" data-widget_type=\"button.default\">\n\t\t\t\t<div class=\"elementor-widget-container\">\n\t\t\t\t\t\t\t\t\t<div class=\"elementor-button-wrapper\">\n\t\t\t\t\t<a class=\"elementor-button elementor-button-link elementor-size-md\" href=\"https:\/\/penzionenrico.sk\/en\/our-rooms\/\" target=\"_blank\">\n\t\t\t\t\t\t<span class=\"elementor-button-content-wrapper\">\n\t\t\t\t\t\t\t\t\t<span class=\"elementor-button-text\">Besuchen Sie die Website<\/span>\n\t\t\t\t\t<\/span>\n\t\t\t\t\t<\/a>\n\t\t\t\t<\/div>\n\t\t\t\t\t\t\t\t<\/div>\n\t\t\t\t<\/div>\n\t\t\t\t\t<\/div>\n\t\t<\/div>\n\t\t\t\t<div class=\"elementor-column elementor-col-50 elementor-inner-column elementor-element elementor-element-d865f31\" data-id=\"d865f31\" data-element_type=\"column\" data-e-type=\"column\">\n\t\t\t<div class=\"elementor-widget-wrap elementor-element-populated\">\n\t\t\t\t\t\t<div class=\"elementor-element elementor-element-042e3ff elementor-widget elementor-widget-heading\" data-id=\"042e3ff\" data-element_type=\"widget\" data-e-type=\"widget\" data-widget_type=\"heading.default\">\n\t\t\t\t<div class=\"elementor-widget-container\">\n\t\t\t\t\t<h3 class=\"elementor-heading-title elementor-size-default\">Anreise<\/h3>\t\t\t\t<\/div>\n\t\t\t\t<\/div>\n\t\t\t\t<div class=\"elementor-element elementor-element-f1693a5 elementor-widget elementor-widget-heading\" data-id=\"f1693a5\" data-element_type=\"widget\" data-e-type=\"widget\" data-widget_type=\"heading.default\">\n\t\t\t\t<div class=\"elementor-widget-container\">\n\t\t\t\t\t<h4 class=\"elementor-heading-title elementor-size-default\">Mit Flug<\/h4>\t\t\t\t<\/div>\n\t\t\t\t<\/div>\n\t\t\t\t<div class=\"elementor-element elementor-element-aeec50b elementor-widget elementor-widget-text-editor\" data-id=\"aeec50b\" data-element_type=\"widget\" data-e-type=\"widget\" data-widget_type=\"text-editor.default\">\n\t\t\t\t<div class=\"elementor-widget-container\">\n\t\t\t\t\t\t\t\t\t<p>Sie k\u00f6nnen mit einem Flug auf folgende Flugh\u00e4fen anreisen:<\/p><p>Flughafen Wien (390 km)<br \/>Flughafen Bratislava (320 km)<br \/>Flughafen Budapest (350 km)<br \/>Flughafen Poprad (30 km)<br \/>Flughafen Katowice (200 km)<br \/>Flughafen Krakau (120 km)<\/p><p>Fl\u00fcge Europa- und Deutschlandweit<br \/>Hier k\u00f6nnen Sie ein Auto leihen.<br \/>F\u00fcr gr\u00f6\u00dfere Gruppen ab 8 Personen kann ein Transfer organisiert werden (telefonisch buchbar).<\/p>\t\t\t\t\t\t\t\t<\/div>\n\t\t\t\t<\/div>\n\t\t\t\t<div class=\"elementor-element elementor-element-db38790 elementor-widget elementor-widget-heading\" data-id=\"db38790\" data-element_type=\"widget\" data-e-type=\"widget\" data-widget_type=\"heading.default\">\n\t\t\t\t<div class=\"elementor-widget-container\">\n\t\t\t\t\t<h4 class=\"elementor-heading-title elementor-size-default\">Mit dem Auto<\/h4>\t\t\t\t<\/div>\n\t\t\t\t<\/div>\n\t\t\t\t<div class=\"elementor-element elementor-element-cd40577 elementor-widget elementor-widget-text-editor\" data-id=\"cd40577\" data-element_type=\"widget\" data-e-type=\"widget\" data-widget_type=\"text-editor.default\">\n\t\t\t\t<div class=\"elementor-widget-container\">\n\t\t\t\t\t\t\t\t\t<p>Sie k\u00f6nnen auch sehr bequem mit einem Wagen anreisen, die Slowakei verf\u00fcgt \u00fcber das gute Netzwerk der Autobahnen. Vor Ort steht Ihnen ein Parkplatz kostenlos zur Verf\u00fcgung.<\/p>\t\t\t\t\t\t\t\t<\/div>\n\t\t\t\t<\/div>\n\t\t\t\t<div class=\"elementor-element elementor-element-37b08a4 elementor-widget elementor-widget-heading\" data-id=\"37b08a4\" data-element_type=\"widget\" data-e-type=\"widget\" data-widget_type=\"heading.default\">\n\t\t\t\t<div class=\"elementor-widget-container\">\n\t\t\t\t\t<h4 class=\"elementor-heading-title elementor-size-default\">Mit der Bahn<\/h4>\t\t\t\t<\/div>\n\t\t\t\t<\/div>\n\t\t\t\t<div class=\"elementor-element elementor-element-0e508be elementor-widget elementor-widget-text-editor\" data-id=\"0e508be\" data-element_type=\"widget\" data-e-type=\"widget\" data-widget_type=\"text-editor.default\">\n\t\t\t\t<div class=\"elementor-widget-container\">\n\t\t\t\t\t\t\t\t\t<p>Auch die Anreise mit der Bahn ist m\u00f6glich, die Slowakei hat eine sehr gute Bahnverbindung. Sie fahren bis hin Poprad, wo Sie abgeholt werden k\u00f6nnen (gegen Geb\u00fchr).<\/p>\t\t\t\t\t\t\t\t<\/div>\n\t\t\t\t<\/div>\n\t\t\t\t\t<\/div>\n\t\t<\/div>\n\t\t\t\t\t<\/div>\n\t\t<\/section>\n\t\t\t\t\t<\/div>\n\t\t<\/div>\n\t\t\t\t\t<\/div>\n\t\t<\/section>\n\t\t\t\t<\/div>\n\t\t","protected":false},"excerpt":{"rendered":"<p>Herbstcamp in der Belaer Tatra 18.10.2024 &#8211; 20.10.2024 Drei Tage in der wilden Natur der Slowakei mit Lauf- und Krafttrainings, Stretching, Wandern, und leckerem gesundem Essen! 2x Unterkunft im bezaubernden und romantischen Berggasthaus Enrico unter den Gipfeln der Belaer Tatra, der mythischen Gebirge im Norden der Slowakei 2x Halbpension (inklusive 2x 3-Gang-\u00dcberraschungsabendessen mit Prosecco) 5 [&hellip;]<\/p>\n","protected":false},"author":2,"featured_media":4108,"parent":0,"menu_order":0,"comment_status":"closed","ping_status":"closed","template":"elementor_header_footer","meta":{"_monsterinsights_skip_tracking":false,"_monsterinsights_sitenote_active":false,"_monsterinsights_sitenote_note":"","_monsterinsights_sitenote_category":0,"footnotes":""},"class_list":["post-4758","page","type-page","status-publish","has-post-thumbnail","hentry"],"blocksy_meta":{"styles_descriptor":{"styles":{"desktop":"","tablet":"","mobile":""},"google_fonts":[],"version":6}},"yoast_head":"<!-- This site is optimized with the Yoast SEO plugin v27.5 - https:\/\/yoast.com\/product\/yoast-seo-wordpress\/ -->\n<title>Herbstcamp in der Belaer Tatra - VaGa Camp<\/title>\n<meta name=\"robots\" content=\"index, follow, max-snippet:-1, max-image-preview:large, max-video-preview:-1\" \/>\n<link rel=\"canonical\" href=\"https:\/\/www.vaga-camp.com\/de\/herbstcamp-belaer-tatra\/\" \/>\n<meta property=\"og:locale\" content=\"de_DE\" \/>\n<meta property=\"og:type\" content=\"article\" \/>\n<meta property=\"og:title\" content=\"Herbstcamp in der Belaer Tatra - VaGa Camp\" \/>\n<meta property=\"og:description\" content=\"Herbstcamp in der Belaer Tatra 18.10.2024 &#8211; 20.10.2024 Drei Tage in der wilden Natur der Slowakei mit Lauf- und Krafttrainings, Stretching, Wandern, und leckerem gesundem Essen! 2x Unterkunft im bezaubernden und romantischen Berggasthaus Enrico unter den Gipfeln der Belaer Tatra, der mythischen Gebirge im Norden der Slowakei 2x Halbpension (inklusive 2x 3-Gang-\u00dcberraschungsabendessen mit Prosecco) 5 [&hellip;]\" \/>\n<meta property=\"og:url\" content=\"https:\/\/www.vaga-camp.com\/de\/herbstcamp-belaer-tatra\/\" \/>\n<meta property=\"og:site_name\" content=\"VaGa Camp\" \/>\n<meta property=\"article:modified_time\" content=\"2023-11-27T19:43:13+00:00\" \/>\n<meta property=\"og:image\" content=\"https:\/\/www.vaga-camp.com\/wp-content\/uploads\/Letny-Running-and-hiking-camp-Belianske-a-Vysoke-Tatry_1.jpg\" \/>\n<meta name=\"twitter:card\" content=\"summary_large_image\" \/>\n<meta name=\"twitter:label1\" content=\"Gesch\u00e4tzte Lesezeit\" \/>\n\t<meta name=\"twitter:data1\" content=\"7\u00a0Minuten\" \/>\n<script type=\"application\/ld+json\" class=\"yoast-schema-graph\">{\"@context\":\"https:\\\/\\\/schema.org\",\"@graph\":[{\"@type\":\"WebPage\",\"@id\":\"https:\\\/\\\/www.vaga-camp.com\\\/de\\\/herbstcamp-belaer-tatra\\\/\",\"url\":\"https:\\\/\\\/www.vaga-camp.com\\\/de\\\/herbstcamp-belaer-tatra\\\/\",\"name\":\"Herbstcamp in der Belaer Tatra - VaGa Camp\",\"isPartOf\":{\"@id\":\"https:\\\/\\\/www.vaga-camp.com\\\/de\\\/#website\"},\"primaryImageOfPage\":{\"@id\":\"https:\\\/\\\/www.vaga-camp.com\\\/de\\\/herbstcamp-belaer-tatra\\\/#primaryimage\"},\"image\":{\"@id\":\"https:\\\/\\\/www.vaga-camp.com\\\/de\\\/herbstcamp-belaer-tatra\\\/#primaryimage\"},\"thumbnailUrl\":\"https:\\\/\\\/www.vaga-camp.com\\\/wp-content\\\/uploads\\\/Letny-Running-and-hiking-camp-Belianske-a-Vysoke-Tatry_2.jpg\",\"datePublished\":\"2023-02-18T18:15:18+00:00\",\"dateModified\":\"2023-11-27T19:43:13+00:00\",\"breadcrumb\":{\"@id\":\"https:\\\/\\\/www.vaga-camp.com\\\/de\\\/herbstcamp-belaer-tatra\\\/#breadcrumb\"},\"inLanguage\":\"de\",\"potentialAction\":[{\"@type\":\"ReadAction\",\"target\":[\"https:\\\/\\\/www.vaga-camp.com\\\/de\\\/herbstcamp-belaer-tatra\\\/\"]}]},{\"@type\":\"ImageObject\",\"inLanguage\":\"de\",\"@id\":\"https:\\\/\\\/www.vaga-camp.com\\\/de\\\/herbstcamp-belaer-tatra\\\/#primaryimage\",\"url\":\"https:\\\/\\\/www.vaga-camp.com\\\/wp-content\\\/uploads\\\/Letny-Running-and-hiking-camp-Belianske-a-Vysoke-Tatry_2.jpg\",\"contentUrl\":\"https:\\\/\\\/www.vaga-camp.com\\\/wp-content\\\/uploads\\\/Letny-Running-and-hiking-camp-Belianske-a-Vysoke-Tatry_2.jpg\",\"width\":450,\"height\":600,\"caption\":\"Kemp Belianske a Vysok\u00e9 Tatry\"},{\"@type\":\"BreadcrumbList\",\"@id\":\"https:\\\/\\\/www.vaga-camp.com\\\/de\\\/herbstcamp-belaer-tatra\\\/#breadcrumb\",\"itemListElement\":[{\"@type\":\"ListItem\",\"position\":1,\"name\":\"Domovsk\u00e1 str\u00e1nka\",\"item\":\"https:\\\/\\\/www.vaga-camp.com\\\/de\\\/\"},{\"@type\":\"ListItem\",\"position\":2,\"name\":\"Herbstcamp in der Belaer Tatra\"}]},{\"@type\":\"WebSite\",\"@id\":\"https:\\\/\\\/www.vaga-camp.com\\\/de\\\/#website\",\"url\":\"https:\\\/\\\/www.vaga-camp.com\\\/de\\\/\",\"name\":\"VaGa Camp\",\"description\":\"Sta\u0148 sa extr\u00e9mne v\u00fdnimo\u010dnou \u017eenou na v\u00fdnimo\u010dnom mieste\",\"publisher\":{\"@id\":\"https:\\\/\\\/www.vaga-camp.com\\\/de\\\/#organization\"},\"potentialAction\":[{\"@type\":\"SearchAction\",\"target\":{\"@type\":\"EntryPoint\",\"urlTemplate\":\"https:\\\/\\\/www.vaga-camp.com\\\/de\\\/?s={search_term_string}\"},\"query-input\":{\"@type\":\"PropertyValueSpecification\",\"valueRequired\":true,\"valueName\":\"search_term_string\"}}],\"inLanguage\":\"de\"},{\"@type\":\"Organization\",\"@id\":\"https:\\\/\\\/www.vaga-camp.com\\\/de\\\/#organization\",\"name\":\"VaGa Agency\",\"url\":\"https:\\\/\\\/www.vaga-camp.com\\\/de\\\/\",\"logo\":{\"@type\":\"ImageObject\",\"inLanguage\":\"de\",\"@id\":\"https:\\\/\\\/www.vaga-camp.com\\\/de\\\/#\\\/schema\\\/logo\\\/image\\\/\",\"url\":\"https:\\\/\\\/www.vaga-camp.com\\\/wp-content\\\/uploads\\\/VaGa-Camp-1.png\",\"contentUrl\":\"https:\\\/\\\/www.vaga-camp.com\\\/wp-content\\\/uploads\\\/VaGa-Camp-1.png\",\"width\":500,\"height\":500,\"caption\":\"VaGa Agency\"},\"image\":{\"@id\":\"https:\\\/\\\/www.vaga-camp.com\\\/de\\\/#\\\/schema\\\/logo\\\/image\\\/\"}}]}<\/script>\n<!-- \/ Yoast SEO plugin. -->","yoast_head_json":{"title":"Herbstcamp in der Belaer Tatra - VaGa Camp","robots":{"index":"index","follow":"follow","max-snippet":"max-snippet:-1","max-image-preview":"max-image-preview:large","max-video-preview":"max-video-preview:-1"},"canonical":"https:\/\/www.vaga-camp.com\/de\/herbstcamp-belaer-tatra\/","og_locale":"de_DE","og_type":"article","og_title":"Herbstcamp in der Belaer Tatra - VaGa Camp","og_description":"Herbstcamp in der Belaer Tatra 18.10.2024 &#8211; 20.10.2024 Drei Tage in der wilden Natur der Slowakei mit Lauf- und Krafttrainings, Stretching, Wandern, und leckerem gesundem Essen! 2x Unterkunft im bezaubernden und romantischen Berggasthaus Enrico unter den Gipfeln der Belaer Tatra, der mythischen Gebirge im Norden der Slowakei 2x Halbpension (inklusive 2x 3-Gang-\u00dcberraschungsabendessen mit Prosecco) 5 [&hellip;]","og_url":"https:\/\/www.vaga-camp.com\/de\/herbstcamp-belaer-tatra\/","og_site_name":"VaGa Camp","article_modified_time":"2023-11-27T19:43:13+00:00","og_image":[{"url":"https:\/\/www.vaga-camp.com\/wp-content\/uploads\/Letny-Running-and-hiking-camp-Belianske-a-Vysoke-Tatry_1.jpg","type":"","width":"","height":""}],"twitter_card":"summary_large_image","twitter_misc":{"Gesch\u00e4tzte Lesezeit":"7\u00a0Minuten"},"schema":{"@context":"https:\/\/schema.org","@graph":[{"@type":"WebPage","@id":"https:\/\/www.vaga-camp.com\/de\/herbstcamp-belaer-tatra\/","url":"https:\/\/www.vaga-camp.com\/de\/herbstcamp-belaer-tatra\/","name":"Herbstcamp in der Belaer Tatra - VaGa Camp","isPartOf":{"@id":"https:\/\/www.vaga-camp.com\/de\/#website"},"primaryImageOfPage":{"@id":"https:\/\/www.vaga-camp.com\/de\/herbstcamp-belaer-tatra\/#primaryimage"},"image":{"@id":"https:\/\/www.vaga-camp.com\/de\/herbstcamp-belaer-tatra\/#primaryimage"},"thumbnailUrl":"https:\/\/www.vaga-camp.com\/wp-content\/uploads\/Letny-Running-and-hiking-camp-Belianske-a-Vysoke-Tatry_2.jpg","datePublished":"2023-02-18T18:15:18+00:00","dateModified":"2023-11-27T19:43:13+00:00","breadcrumb":{"@id":"https:\/\/www.vaga-camp.com\/de\/herbstcamp-belaer-tatra\/#breadcrumb"},"inLanguage":"de","potentialAction":[{"@type":"ReadAction","target":["https:\/\/www.vaga-camp.com\/de\/herbstcamp-belaer-tatra\/"]}]},{"@type":"ImageObject","inLanguage":"de","@id":"https:\/\/www.vaga-camp.com\/de\/herbstcamp-belaer-tatra\/#primaryimage","url":"https:\/\/www.vaga-camp.com\/wp-content\/uploads\/Letny-Running-and-hiking-camp-Belianske-a-Vysoke-Tatry_2.jpg","contentUrl":"https:\/\/www.vaga-camp.com\/wp-content\/uploads\/Letny-Running-and-hiking-camp-Belianske-a-Vysoke-Tatry_2.jpg","width":450,"height":600,"caption":"Kemp Belianske a Vysok\u00e9 Tatry"},{"@type":"BreadcrumbList","@id":"https:\/\/www.vaga-camp.com\/de\/herbstcamp-belaer-tatra\/#breadcrumb","itemListElement":[{"@type":"ListItem","position":1,"name":"Domovsk\u00e1 str\u00e1nka","item":"https:\/\/www.vaga-camp.com\/de\/"},{"@type":"ListItem","position":2,"name":"Herbstcamp in der Belaer Tatra"}]},{"@type":"WebSite","@id":"https:\/\/www.vaga-camp.com\/de\/#website","url":"https:\/\/www.vaga-camp.com\/de\/","name":"VaGa Camp","description":"Sta\u0148 sa extr\u00e9mne v\u00fdnimo\u010dnou \u017eenou na v\u00fdnimo\u010dnom mieste","publisher":{"@id":"https:\/\/www.vaga-camp.com\/de\/#organization"},"potentialAction":[{"@type":"SearchAction","target":{"@type":"EntryPoint","urlTemplate":"https:\/\/www.vaga-camp.com\/de\/?s={search_term_string}"},"query-input":{"@type":"PropertyValueSpecification","valueRequired":true,"valueName":"search_term_string"}}],"inLanguage":"de"},{"@type":"Organization","@id":"https:\/\/www.vaga-camp.com\/de\/#organization","name":"VaGa Agency","url":"https:\/\/www.vaga-camp.com\/de\/","logo":{"@type":"ImageObject","inLanguage":"de","@id":"https:\/\/www.vaga-camp.com\/de\/#\/schema\/logo\/image\/","url":"https:\/\/www.vaga-camp.com\/wp-content\/uploads\/VaGa-Camp-1.png","contentUrl":"https:\/\/www.vaga-camp.com\/wp-content\/uploads\/VaGa-Camp-1.png","width":500,"height":500,"caption":"VaGa Agency"},"image":{"@id":"https:\/\/www.vaga-camp.com\/de\/#\/schema\/logo\/image\/"}}]}},"_links":{"self":[{"href":"https:\/\/www.vaga-camp.com\/de\/wp-json\/wp\/v2\/pages\/4758","targetHints":{"allow":["GET"]}}],"collection":[{"href":"https:\/\/www.vaga-camp.com\/de\/wp-json\/wp\/v2\/pages"}],"about":[{"href":"https:\/\/www.vaga-camp.com\/de\/wp-json\/wp\/v2\/types\/page"}],"author":[{"embeddable":true,"href":"https:\/\/www.vaga-camp.com\/de\/wp-json\/wp\/v2\/users\/2"}],"replies":[{"embeddable":true,"href":"https:\/\/www.vaga-camp.com\/de\/wp-json\/wp\/v2\/comments?post=4758"}],"version-history":[{"count":0,"href":"https:\/\/www.vaga-camp.com\/de\/wp-json\/wp\/v2\/pages\/4758\/revisions"}],"wp:featuredmedia":[{"embeddable":true,"href":"https:\/\/www.vaga-camp.com\/de\/wp-json\/wp\/v2\/media\/4108"}],"wp:attachment":[{"href":"https:\/\/www.vaga-camp.com\/de\/wp-json\/wp\/v2\/media?parent=4758"}],"curies":[{"name":"wp","href":"https:\/\/api.w.org\/{rel}","templated":true}]}}